{"id":5516,"date":"2024-06-18T17:01:37","date_gmt":"2024-06-18T20:01:37","guid":{"rendered":"https:\/\/ecen.com.br\/?page_id=5516"},"modified":"2024-12-12T10:30:09","modified_gmt":"2024-12-12T13:30:09","slug":"ee-112","status":"publish","type":"page","link":"https:\/\/ecen.com.br\/?page_id=5516","title":{"rendered":"E&#038;E 112"},"content":{"rendered":"\t\t<div data-elementor-type=\"wp-page\" data-elementor-id=\"5516\" class=\"elementor elementor-5516\">\n\t\t\t\t\t\t<div class=\"elementor-inner\">\n\t\t\t\t<div class=\"elementor-section-wrap\">\n\t\t\t\t\t\t\t\t\t<section class=\"elementor-section elementor-top-section elementor-element elementor-element-1e0e1db elementor-section-boxed elementor-section-height-default elementor-section-height-default\" data-id=\"1e0e1db\" data-element_type=\"section\">\n\t\t\t\t\t\t<div class=\"elementor-container elementor-column-gap-default\">\n\t\t\t\t\t\t\t<div class=\"elementor-row\">\n\t\t\t\t\t<div class=\"elementor-column elementor-col-50 elementor-top-column elementor-element elementor-element-e6a48a5\" data-id=\"e6a48a5\" data-element_type=\"column\">\n\t\t\t<div class=\"elementor-column-wrap elementor-element-populated\">\n\t\t\t\t\t\t\t<div class=\"elementor-widget-wrap\">\n\t\t\t\t\t\t<div class=\"elementor-element elementor-element-86dc97c elementor-widget elementor-widget-image\" data-id=\"86dc97c\" data-element_type=\"widget\" data-widget_type=\"image.default\">\n\t\t\t\t<div class=\"elementor-widget-container\">\n\t\t\t\t\t\t\t\t<div class=\"elementor-image\">\n\t\t\t\t\t\t\t\t\t\t\t\t<img width=\"525\" height=\"744\" src=\"https:\/\/ecen.com.br\/wp-content\/uploads\/2024\/06\/CAPA112.pdf.jpg\" class=\"attachment-large size-large\" alt=\"Capa Revista E&amp;E112\" loading=\"lazy\" srcset=\"https:\/\/ecen.com.br\/wp-content\/uploads\/2024\/06\/CAPA112.pdf.jpg 536w, https:\/\/ecen.com.br\/wp-content\/uploads\/2024\/06\/CAPA112.pdf-212x300.jpg 212w\" sizes=\"100vw\" \/>\t\t\t\t\t\t\t\t\t\t\t\t\t\t<\/div>\n\t\t\t\t\t\t<\/div>\n\t\t\t\t<\/div>\n\t\t\t\t\t\t<\/div>\n\t\t\t\t\t<\/div>\n\t\t<\/div>\n\t\t\t\t<div class=\"elementor-column elementor-col-50 elementor-top-column elementor-element elementor-element-9a200ac\" data-id=\"9a200ac\" data-element_type=\"column\">\n\t\t\t<div class=\"elementor-column-wrap elementor-element-populated\">\n\t\t\t\t\t\t\t<div class=\"elementor-widget-wrap\">\n\t\t\t\t\t\t<div class=\"elementor-element elementor-element-e53178d elementor-widget elementor-widget-text-editor\" data-id=\"e53178d\" data-element_type=\"widget\" data-widget_type=\"text-editor.default\">\n\t\t\t\t<div class=\"elementor-widget-container\">\n\t\t\t\t\t\t\t\t<div class=\"elementor-text-editor elementor-clearfix\">\n\t\t\t\t<p><a href=\"https:\/\/ecen.com.br\/wp-content\/uploads\/2024\/06\/eee112.pdf\">Ver ou baixar E&amp;E 112 em pdf<\/a><\/p><p><em>\u00a0<\/em><span style=\"color: #0000ff;\">Sum\u00e1rio<\/span><\/p><p><em>Editorial: <\/em><a href=\"#_Toc169124588\"><strong>Othon Pinheiro da Silva<\/strong>. <\/a><\/p><p><a href=\"#_Toc169124589\"><em>Introdu\u00e7\u00e3o a este n\u00famero:<\/em> \u00a0<\/a><a href=\"#_Toc169124590\"><strong>Her\u00f3is e Santos<\/strong><\/a><\/p><p>Artigo:\u00a0<a href=\"#_Toc169124591\"><strong>Estudo sobre a Matriz El\u00e9trica\u00a0 e a Retomada de Angra\u00a0<\/strong><\/a><\/p><p>Depoimento \u00e0 Justi\u00e7a:\u00a0<a href=\"#_Toc169124599\"><strong>Depoimento de Jos\u00e9 Israel Vargas\u00a0 sobre Othon Pinheiro da Silva<\/strong> \u00a0<\/a><\/p><p><span style=\"color: #666699;\">Relato de Othon \u00e0 E&amp;E em maio de 2014<\/span>:\u00a0<a href=\"#_Toc169124601\"><strong>Os Caminhos para conseguir o A\u00e7o Maraging<\/strong>.<\/a><\/p><p><a href=\"#_Toc169124602\">Artigo publicado por ocasi\u00e3o da <em>pris\u00e3o<\/em> do Almirante Othon:\u00a0 <\/a><a href=\"#_Toc169124603\"><strong>A Pris\u00e3o de um Her\u00f3i Nacional<\/strong>\u00a0<\/a><\/p><p>\u00a0<\/p>\t\t\t\t\t<\/div>\n\t\t\t\t\t\t<\/div>\n\t\t\t\t<\/div>\n\t\t\t\t\t\t<\/div>\n\t\t\t\t\t<\/div>\n\t\t<\/div>\n\t\t\t\t\t\t\t\t<\/div>\n\t\t\t\t\t<\/div>\n\t\t<\/section>\n\t\t\t\t<section class=\"elementor-section elementor-top-section elementor-element elementor-element-b6d9c24 elementor-section-boxed elementor-section-height-default elementor-section-height-default\" data-id=\"b6d9c24\" data-element_type=\"section\">\n\t\t\t\t\t\t<div class=\"elementor-container elementor-column-gap-default\">\n\t\t\t\t\t\t\t<div class=\"elementor-row\">\n\t\t\t\t\t<div class=\"elementor-column elementor-col-100 elementor-top-column elementor-element elementor-element-937d433\" data-id=\"937d433\" data-element_type=\"column\">\n\t\t\t<div class=\"elementor-column-wrap elementor-element-populated\">\n\t\t\t\t\t\t\t<div class=\"elementor-widget-wrap\">\n\t\t\t\t\t\t<div class=\"elementor-element elementor-element-054126c elementor-widget elementor-widget-text-editor\" data-id=\"054126c\" data-element_type=\"widget\" data-widget_type=\"text-editor.default\">\n\t\t\t\t<div class=\"elementor-widget-container\">\n\t\t\t\t\t\t\t\t<div class=\"elementor-text-editor elementor-clearfix\">\n\t\t\t\t<p><a href=\"https:\/\/ecen.com.br\/wp-content\/uploads\/2024\/06\/nuclearnamatrizeletrica.pdf\">Baixar Relat\u00f3rio Final <\/a>\u00a0 do estudo:<br \/>Um \u201cPorto de Destino\u201d para o Sistema El\u00e9trico Brasileiro\u00a0<br \/>da equipe E&amp;E com Othon Pinheiro da Silva que fez parte da justificativa para reativar as obras de Angra 3<\/p>\t\t\t\t\t<\/div>\n\t\t\t\t\t\t<\/div>\n\t\t\t\t<\/div>\n\t\t\t\t\t\t<\/div>\n\t\t\t\t\t<\/div>\n\t\t<\/div>\n\t\t\t\t\t\t\t\t<\/div>\n\t\t\t\t\t<\/div>\n\t\t<\/section>\n\t\t\t\t<section class=\"elementor-section elementor-top-section elementor-element elementor-element-7061b28 elementor-section-boxed elementor-section-height-default elementor-section-height-default\" data-id=\"7061b28\" data-element_type=\"section\">\n\t\t\t\t\t\t<div class=\"elementor-container elementor-column-gap-default\">\n\t\t\t\t\t\t\t<div class=\"elementor-row\">\n\t\t\t\t\t<div class=\"elementor-column elementor-col-100 elementor-top-column elementor-element elementor-element-1699192\" data-id=\"1699192\" data-element_type=\"column\">\n\t\t\t<div class=\"elementor-column-wrap elementor-element-populated\">\n\t\t\t\t\t\t\t<div class=\"elementor-widget-wrap\">\n\t\t\t\t\t\t<div class=\"elementor-element elementor-element-5ef8871 elementor-widget elementor-widget-menu-anchor\" data-id=\"5ef8871\" data-element_type=\"widget\" data-widget_type=\"menu-anchor.default\">\n\t\t\t\t<div class=\"elementor-widget-container\">\n\t\t\t\t\t<div id=\"sumario\" class=\"elementor-menu-anchor\"><\/div>\n\t\t\t\t<\/div>\n\t\t\t\t<\/div>\n\t\t\t\t<div class=\"elementor-element elementor-element-dc4020f elementor-widget elementor-widget-text-editor\" data-id=\"dc4020f\" data-element_type=\"widget\" data-widget_type=\"text-editor.default\">\n\t\t\t\t<div class=\"elementor-widget-container\">\n\t\t\t\t\t\t\t\t<div class=\"elementor-text-editor elementor-clearfix\">\n\t\t\t\t<p><em>\u00a0<\/em><span style=\"color: #0000ff;\">Sum\u00e1rio<\/span><\/p><p><em>Editorial: <\/em><a href=\"#_Toc169124588\"><strong>Othon Pinheiro da Silva<\/strong>. <\/a><\/p><p><a href=\"#_Toc169124589\"><em>Introdu\u00e7\u00e3o a este n\u00famero:<\/em> \u00a0<\/a><a href=\"#_Toc169124590\"><strong>Her\u00f3is e Santos<\/strong><\/a><\/p><p>Artigo:\u00a0<a href=\"#_Toc169124591\"><strong>Estudo sobre a Matriz El\u00e9trica\u00a0 e a Retomada de Angra 3\u00a0<\/strong><\/a><\/p><p style=\"padding-left: 40px;\"><a href=\"#_Toc169124592\"><em>O Estudo Contestado<\/em>.\u00a0<\/a><\/p><p style=\"padding-left: 40px;\"><a href=\"#_Toc169124593\"><em>Conte\u00fado do Trabalho<\/em>.\u00a0<\/a><\/p><p style=\"padding-left: 40px;\"><a href=\"#_Toc169124594\"><em>O Porto de Destino do Setor El\u00e9trico.<\/em>\u00a0<\/a><\/p><p style=\"padding-left: 40px;\"><a href=\"#_Toc169124595\"><em>O Valor do Consultor<\/em> <\/a><\/p><p style=\"padding-left: 40px;\"><a href=\"#_Toc169124596\"><em>As Influ\u00eancias Externas que possivelmente atuaram na Den\u00fancia contra o Almirante Othon<\/em><\/a><\/p><p style=\"padding-left: 40px;\"><a href=\"#_Toc169124597\"><em>O Necess\u00e1rio Resgate do Almirante Othon<\/em><\/a><\/p><p>Depoimento \u00e0 Justi\u00e7a:\u00a0<a href=\"#_Toc169124599\"><strong>Depoimento de Jos\u00e9 Israel Vargas\u00a0 sobre Othon Pinheiro da Silva<\/strong> \u00a0<\/a><\/p><p>Relato de Othon \u00e0 E&amp;E em maio de 2014:\u00a0<a href=\"#_Toc169124601\"><strong>Os Caminhos para conseguir o A\u00e7o Maraging<\/strong>.<\/a><\/p><p>Artigo publicado por ocasi\u00e3o da <em>pris\u00e3o<\/em> do Almirante Othon: <a href=\"#_Toc169124603\"><strong>A Pris\u00e3o de um Her\u00f3i Nacional<\/strong>\u00a0<\/a><\/p><p><a href=\"#sumario\">volta<\/a><\/p><p>______________________________________<\/p>\t\t\t\t\t<\/div>\n\t\t\t\t\t\t<\/div>\n\t\t\t\t<\/div>\n\t\t\t\t\t\t<\/div>\n\t\t\t\t\t<\/div>\n\t\t<\/div>\n\t\t\t\t\t\t\t\t<\/div>\n\t\t\t\t\t<\/div>\n\t\t<\/section>\n\t\t\t\t<section class=\"elementor-section elementor-top-section elementor-element elementor-element-c297020 elementor-section-boxed elementor-section-height-default elementor-section-height-default\" data-id=\"c297020\" data-element_type=\"section\">\n\t\t\t\t\t\t<div class=\"elementor-container elementor-column-gap-default\">\n\t\t\t\t\t\t\t<div class=\"elementor-row\">\n\t\t\t\t\t<div class=\"elementor-column elementor-col-100 elementor-top-column elementor-element elementor-element-dc77bf8\" data-id=\"dc77bf8\" data-element_type=\"column\">\n\t\t\t<div class=\"elementor-column-wrap elementor-element-populated\">\n\t\t\t\t\t\t\t<div class=\"elementor-widget-wrap\">\n\t\t\t\t\t\t<div class=\"elementor-element elementor-element-f2b5ec0 elementor-widget elementor-widget-text-editor\" data-id=\"f2b5ec0\" data-element_type=\"widget\" data-widget_type=\"text-editor.default\">\n\t\t\t\t<div class=\"elementor-widget-container\">\n\t\t\t\t\t\t\t\t<div class=\"elementor-text-editor elementor-clearfix\">\n\t\t\t\t<p><span style=\"color: #0000ff;\"><em>Editorial<\/em><\/span><\/p><h1><a name=\"_Toc169124588\"><\/a><strong>Othon Pinheiro da Silva<\/strong><\/h1><p>Este n\u00famero, todo sob minha responsabilidade, \u00e9 inteiramente dedicado ao resgate do Engenheiro e Vice-Almirante Othon Pinheiro da Silva como um dos mais respeitados brasileiros na \u00e1rea de Ci\u00eancia e Tecnologia e como l\u00edder inicial do projeto do submarino movido a energia nuclear, considerado hoje como o projeto mais relevante da Marinha do Brasil, na \u00e1rea de constru\u00e7\u00e3o naval.<\/p><p>O Juiz da Lava-Jato, vers\u00e3o Rio de Janeiro, o condenou na Primeira Inst\u00e2ncia a 43 anos de pris\u00e3o. Na presente situa\u00e7\u00e3o, o Tribunal de Recursos Federal da 2\u00aa Regi\u00e3o \u2013 TRF2 <strong>reduziu sua pena de 43 anos para 4 anos e 10 meses<\/strong> de pris\u00e3o. A pena total a ser cumprida em regime aberto foi substitu\u00edda por duas penas restritivas de direito. \u00c0quela altura, Othon j\u00e1 havia cumprido 601 dias de pris\u00e3o preventiva <strong>tendo sido condenado apenas na primeira inst\u00e2ncia<\/strong>.<\/p><p>Hoje Othon est\u00e1 livre, no entanto, ainda existem contra ele cinco processos derivados em curso e suas contas seguem congeladas, a longa doen\u00e7a de sua esposa (recentemente falecida) e a sua pr\u00f3pria (c\u00e2ncer) absorveram e seguem absorvendo seus recursos. Falta tamb\u00e9m dinheiro para arcar com as despesas judiciais o que dificulta sua defesa e prolonga seus problemas. Definitivamente, n\u00e3o \u00e9 o tratamento que merece, no final de vida, quem, como espero demonstrar aqui, \u00e9 um her\u00f3i nacional. Alguma coisa deve ser feita com urg\u00eancia para que n\u00e3o se perpetue a injusti\u00e7a com quem tanto fez pelo Pa\u00eds.<\/p><p>O Juiz da Lava-Jato Marcelo Bretas, o condenou na Primeira Inst\u00e2ncia a 43 anos de pris\u00e3o, constatou que existe uma unanimidade no reconhecimento do seu \u201ccondenado\u201d como \u201cuma das maiores \u2013 se n\u00e3o a<strong> maior \u2013 refer\u00eancia do Programa Nuclear Brasileiro da hist\u00f3ria desse pa\u00eds\u201d.<\/strong> Isso foi usado para<strong> agravar sua pena em 5 anos.<\/strong><\/p><p>No julgamento do recurso, a Primeira Turma Especializada do TRF2 absolveu Othon de quase todas os supostos crimes pelos quais foi imputado na Primeira Inst\u00e2ncia, mas ainda manteve sua condena\u00e7\u00e3o por corrup\u00e7\u00e3o passiva e lavagem de capitais. Isto resultou na redu\u00e7\u00e3o de sua pena de 43 anos para 4 anos e 10 meses.<\/p><p>O Juiz que o condenou em primeira inst\u00e2ncia, est\u00e1 atualmente afastado <strong>por suspeita de parcialidade<\/strong> pelo Conselho Nacional de Justi\u00e7a \u2013 CNJ e est\u00e1 respondendo, por essa raz\u00e3o, a inqu\u00e9rito aprovado pela unanimidade do CNJ.<\/p><p>N\u00e3o se sabe ainda se o caso que aqui estamos tratando est\u00e1 a\u00ed inclu\u00eddo como objeto da imparcialidade. No entanto, a grande redu\u00e7\u00e3o da pena pelo TRF2, j\u00e1 \u00e9, na minha opini\u00e3o, uma indica\u00e7\u00e3o indireta dessa suposta parcialidade do julgamento na Primeira Inst\u00e2ncia. Esta parcialidade, fica mais evidente na esdr\u00faxula aplica\u00e7\u00e3o da agravante sobre a pena com base no seu comportamento correto em toda sua vida. Para completar os ind\u00edcios de parcialidade com que foi tratado, deve-se acrescentar os 601 dias em que ficou preso em pris\u00e3o preventiva e <strong>condenado apenas na primeira inst\u00e2ncia<\/strong>.<\/p><p>O Desembargador Antonio Ivan Athi\u00e9 Relator do processo no TRF2 n\u00e3o escondeu sua discord\u00e2ncia relativa \u00e0 agravante de pena imposta ao almirante Othon:<\/p><p>\u201cA co<em>ntrario sensu<\/em>, estar-se-ia agravando a puni\u00e7\u00e3o do apelante Othon Luiz Pinheiro da Silva por ter observado as normas de regramento social por toda a sua vida, o que se revela <strong>irrazo\u00e1vel sob qualquer \u00e2ngulo<\/strong>\u201d &#8230;.\u00a0\u00a0\u00a0\u00a0\u00a0<\/p><p>\u201cDe tal modo que a conduta social e os motivos n\u00e3o autorizam a exacerba\u00e7\u00e3o da pena-base, em \u00edndice elevad\u00edssimo como feito na senten\u00e7a\u201d.<\/p><p>Absolvido pelo TRF2 da maior parte das acusa\u00e7\u00f5es pelas quais foi condenado pela Lava-Jato, a quest\u00e3o pendente sobre sua inoc\u00eancia est\u00e1 concentrada em saber se os 4,5 milh\u00f5es de reais transferidos, por meio de triangula\u00e7\u00e3o, das empreiteiras a empresa Aratec de propriedade de Othon. corresponderiam a propina, ou a remunera\u00e7\u00e3o de trabalho realizado, anteriormente \u00e0 sua nomea\u00e7\u00e3o como Presidente da Eletronuclear. Segundo a defesa, o pagamento da consultoria, em sua maior parte, seria feito ap\u00f3s a decis\u00e3o da retomada das obras de Angra 3.<\/p><p>Essa decis\u00e3o foi tomada pelo Conselho Nacional de Pol\u00edtica Energ\u00e9tica \u2013 CNPE que re\u00fane os v\u00e1rios Ministros de Estado envolvidos, direta ou indiretamente, nos assuntos energ\u00e9ticos, estando, portanto, fora do alcance da autoridade do ent\u00e3o Presidente da Eletronuclear. Ainda existiria no total apurado, uma parte dos recursos correspondente ao apoio no desenvolvimento de uma turbina hidrel\u00e9trica para PCH (Pequena Central Hidroel\u00e9trica).<\/p><p>Este n\u00famero da E&amp;E est\u00e1 dirigido, em primeiro lugar, para real\u00e7ar a relev\u00e2ncia da contribui\u00e7\u00e3o de Othon Pinheiro da Silva para a Ci\u00eancia e Tecnologia no Brasil e, em segundo lugar, destacar o trabalho realizado visando a retomada das obras de Angra 3, do qual participamos com um relat\u00f3rio cujo resumo foi publicado no n\u00b0 49 desta Revista.<\/p><p>Estamos colocando \u00e0 disposi\u00e7\u00e3o, via internet, neste n\u00famero, o relat\u00f3rio completo. Vale lembrar que <strong>este relat\u00f3rio \u00e9 apenas parte do esfor\u00e7o que Othon realizou para a retomada de Angra 3<\/strong>. Na decis\u00e3o desta retomada, influiu primordialmente o esfor\u00e7o do almirante Othon de convencimento \u00e0s autoridades da \u00e1rea, apoiado em seu singular prest\u00edgio no Setor Nuclear.<\/p><p>Este n\u00famero, re\u00fane v\u00e1rios textos com duplo objetivo: (1) real\u00e7ar as qualidades e realiza\u00e7\u00f5es de Othon Pinheiro da Silva e (2) dar testemunho sobre o trabalho por ele realizado para a retomada de Angra 3.<\/p><ul><li style=\"list-style-type: none;\"><ul><li>A guisa de introdu\u00e7\u00e3o, apresentamos uma reflex\u00e3o de como o Brasil trata seus her\u00f3is;<\/li><li>Meu depoimento sobre o trabalho relativo ao futuro do sistema el\u00e9trico e defesa de sua qualidade e consist\u00eancia;<\/li><li>Depoimento \u00e0 Justi\u00e7a do Ex-Ministro Jos\u00e9 Israel Vargas prestado junto a Primeira Inst\u00e2ncia Criminal;<\/li><li>Relato do pr\u00f3prio Othon que ilustra uma conquista tecnol\u00f3gica importante no processo para a constru\u00e7\u00e3o das centr\u00edfugas que foi a obten\u00e7\u00e3o do a\u00e7o <em>Maraging<\/em> e, finalmente,<\/li><li>Artigo que publiquei por ocasi\u00e3o de sua pris\u00e3o que considerei como \u201ca pris\u00e3o de um her\u00f3i nacional\u201d.<\/li><\/ul><\/li><\/ul><p>Esperamos contribuir para que o Pa\u00eds d\u00ea seu apoio e reconhecimento a esse grande brasileiro Othon Pinheiro da Silva que, para realizar a miss\u00e3o a ele confiada, enfrentou enormes obst\u00e1culos e desafios externos e internos. N\u00e3o tenho conhecimento jur\u00eddico para apontar as medidas necess\u00e1ria para propiciar o justo resgate de Othon Pinheiro da Silva. Atos do STJ e do STF extinguindo a pena e cancelando os processos pendentes, uma anistia pelo Legislativo, ou um Indulto Presidencial s\u00e3o caminhos poss\u00edveis para esse necess\u00e1rio e justo resgate.<\/p><p>Carlos Feu Alvim\u00a0\u00a0\u00a0\u00a0\u00a0\u00a0<\/p>\t\t\t\t\t<\/div>\n\t\t\t\t\t\t<\/div>\n\t\t\t\t<\/div>\n\t\t\t\t\t\t<\/div>\n\t\t\t\t\t<\/div>\n\t\t<\/div>\n\t\t\t\t\t\t\t\t<\/div>\n\t\t\t\t\t<\/div>\n\t\t<\/section>\n\t\t\t\t<section class=\"elementor-section elementor-top-section elementor-element elementor-element-6cb4b9f elementor-section-boxed elementor-section-height-default elementor-section-height-default\" data-id=\"6cb4b9f\" data-element_type=\"section\">\n\t\t\t\t\t\t<div class=\"elementor-container elementor-column-gap-default\">\n\t\t\t\t\t\t\t<div class=\"elementor-row\">\n\t\t\t\t\t<div class=\"elementor-column elementor-col-100 elementor-top-column elementor-element elementor-element-d31e590\" data-id=\"d31e590\" data-element_type=\"column\">\n\t\t\t<div class=\"elementor-column-wrap elementor-element-populated\">\n\t\t\t\t\t\t\t<div class=\"elementor-widget-wrap\">\n\t\t\t\t\t\t<div class=\"elementor-element elementor-element-b458fa6 elementor-widget elementor-widget-text-editor\" data-id=\"b458fa6\" data-element_type=\"widget\" data-widget_type=\"text-editor.default\">\n\t\t\t\t<div class=\"elementor-widget-container\">\n\t\t\t\t\t\t\t\t<div class=\"elementor-text-editor elementor-clearfix\">\n\t\t\t\t<p><span style=\"color: #0000ff;\"><a style=\"color: #0000ff;\" href=\"#sumario\">Sum\u00e1rio<\/a><\/span><\/p><p><em>Editorial: <\/em><a href=\"#_Toc169124588\"><strong>Othon Pinheiro da Silva<\/strong>. <\/a><\/p><p><a href=\"#_Toc169124589\"><em>Introdu\u00e7\u00e3o a este n\u00famero:<\/em> \u00a0<\/a><a href=\"#_Toc169124590\"><strong>Her\u00f3is e Santos<\/strong><\/a><\/p><p>Artigo:\u00a0<a href=\"#_Toc169124591\"><strong>Estudo sobre a Matriz El\u00e9trica\u00a0 e a Retomada de Angra 3\u00a0<\/strong><\/a><\/p><p>Depoimento \u00e0 Justi\u00e7a:\u00a0<a href=\"#_Toc169124599\"><strong>Depoimento de Jos\u00e9 Israel Vargas\u00a0 sobre Othon Pinheiro da Silva<\/strong> \u00a0<\/a><\/p><p>Relato de Othon \u00e0 E&amp;E em maio de 2014:\u00a0<a href=\"#_Toc169124601\"><strong>Os Caminhos para conseguir o A\u00e7o Maraging<\/strong>.<\/a><\/p><p>Artigo publicado por ocasi\u00e3o da <em>pris\u00e3o<\/em> do Almirante Othon:\u00a0<a href=\"#_Toc169124603\"><strong>A Pris\u00e3o de um Her\u00f3i Nacional<\/strong>\u00a0<\/a><\/p><p><a href=\"#sumario\">voltar<\/a><\/p>\t\t\t\t\t<\/div>\n\t\t\t\t\t\t<\/div>\n\t\t\t\t<\/div>\n\t\t\t\t\t\t<\/div>\n\t\t\t\t\t<\/div>\n\t\t<\/div>\n\t\t\t\t\t\t\t\t<\/div>\n\t\t\t\t\t<\/div>\n\t\t<\/section>\n\t\t\t\t<section class=\"elementor-section elementor-top-section elementor-element elementor-element-85fe820 elementor-section-boxed elementor-section-height-default elementor-section-height-default\" data-id=\"85fe820\" data-element_type=\"section\">\n\t\t\t\t\t\t<div class=\"elementor-container elementor-column-gap-default\">\n\t\t\t\t\t\t\t<div class=\"elementor-row\">\n\t\t\t\t\t<div class=\"elementor-column elementor-col-100 elementor-top-column elementor-element elementor-element-f0f358e\" data-id=\"f0f358e\" data-element_type=\"column\">\n\t\t\t<div class=\"elementor-column-wrap\">\n\t\t\t\t\t\t\t<div class=\"elementor-widget-wrap\">\n\t\t\t\t\t\t\t\t<\/div>\n\t\t\t\t\t<\/div>\n\t\t<\/div>\n\t\t\t\t\t\t\t\t<\/div>\n\t\t\t\t\t<\/div>\n\t\t<\/section>\n\t\t\t\t<section class=\"elementor-section elementor-top-section elementor-element elementor-element-13d32fb elementor-section-boxed elementor-section-height-default elementor-section-height-default\" data-id=\"13d32fb\" data-element_type=\"section\">\n\t\t\t\t\t\t<div class=\"elementor-container elementor-column-gap-default\">\n\t\t\t\t\t\t\t<div class=\"elementor-row\">\n\t\t\t\t\t<div class=\"elementor-column elementor-col-100 elementor-top-column elementor-element elementor-element-06c7e2e\" data-id=\"06c7e2e\" data-element_type=\"column\">\n\t\t\t<div class=\"elementor-column-wrap elementor-element-populated\">\n\t\t\t\t\t\t\t<div class=\"elementor-widget-wrap\">\n\t\t\t\t\t\t<div class=\"elementor-element elementor-element-c94b795 elementor-widget elementor-widget-text-editor\" data-id=\"c94b795\" data-element_type=\"widget\" data-widget_type=\"text-editor.default\">\n\t\t\t\t<div class=\"elementor-widget-container\">\n\t\t\t\t\t\t\t\t<div class=\"elementor-text-editor elementor-clearfix\">\n\t\t\t\t<p><span style=\"color: #0000ff;\"><em><a style=\"color: #0000ff;\" name=\"_Toc169124587\"><\/a><\/em><\/span><\/p><p><a name=\"_Toc169124589\"><\/a><span style=\"color: #0000ff;\"><em>Introdu\u00e7\u00e3o a este n\u00famero:<\/em><\/span><\/p><h1><a name=\"_Toc169124590\"><\/a><strong>Her\u00f3is e Santos<\/strong><\/h1><p>Eu costumava dizer que o Brasil, gra\u00e7as a Deus, era um pa\u00eds sem santos nem her\u00f3is (*); tampouco t\u00ednhamos pr\u00eamios Nobel.<\/p><p>Nesta \u00e9poca, eu considerava que n\u00e3o ter santos nem her\u00f3is era quase uma vantagem para um pa\u00eds e que n\u00e3o havia homens reais que se enquadrassem nessas classifica\u00e7\u00f5es. Essa posi\u00e7\u00e3o anterior talvez refletisse a vis\u00e3o brasileira que exige que nossos her\u00f3is sejam santos e que nossos santos sejam her\u00f3is.<\/p><p>Na defini\u00e7\u00e3o do Dicion\u00e1rio Cambridge her\u00f3i \u00e9 uma pessoa admirada por ter feito algo muito corajoso ou por ter conseguido algo grande, Othon Pinheiro da Silva satisfaz os dois requisitos. Este \u00e9 um conceito que n\u00e3o exclui os homens reais.<\/p><p>O Brasil tem sete santos canonizados pela Igreja Cat\u00f3lica considerados brasileiros. S\u00f3 em 2007, um santo nascido no Brasil foi canonizado pelo Papa Bento XVI em sua visita ao Brasil; a primeira santa nascida no Brasil foi canonizada em 2019 pelo Papa Francisco.<\/p><p>Frei Galv\u00e3o e Irm\u00e3 Dulce continuam a ser conhecidos assim, apesar de santificados. A grande santidade do Brasil \u00e9 Nossa Senhora Aparecida, a quem ningu\u00e9m pode atribuir defeitos.<\/p><p>Os pa\u00edses vizinhos t\u00eam her\u00f3is da independ\u00eancia incontestados como Artigas, Bol\u00edvar e San Mart\u00edn. Quem \u00e9 nosso her\u00f3i da independ\u00eancia? Certamente n\u00e3o \u00e9 nosso imperador D. Pedro I, que proclamou nossa independ\u00eancia e voltou a Portugal para ser o Rei Pedro IV, nem o inconfidente Tiradentes, promovido pela Rep\u00fablica, tamb\u00e9m carente de her\u00f3is, como protom\u00e1rtir da independ\u00eancia.<\/p><p>O Pa\u00eds n\u00e3o teria mantido sua unidade territorial sem a atua\u00e7\u00e3o de Caxias, mas ele quase s\u00f3 \u00e9 her\u00f3i dentro das For\u00e7as Armadas. Fora delas, \u00e9 censurado por supostos excessos, como se existisse guerra sem excessos. Na \u00e1rea civil, a import\u00e2ncia de Jos\u00e9 Bonif\u00e1cio \u00e9 reconhecida, mas ele est\u00e1 longe de ser consagrado como nosso her\u00f3i da independ\u00eancia.<\/p><p>No esporte, tivemos como her\u00f3i um brasileiro negro, o Pel\u00e9, reconhecido mundialmente como Rei do Futebol. No entanto, muitos brasileiros dizem que ele n\u00e3o foi defensor da ra\u00e7a e n\u00e3o reconheceu uma filha. N\u00e3o foi santo, n\u00e3o pode ser her\u00f3i brasileiro<a href=\"#_ftn1\" name=\"_ftnref1\">[1]<\/a>. Preferimos Garrincha, Ayrton Senna, Chico Alves, Clara Nunes, Elis Regina e Santos Dumont, com seus fins tr\u00e1gicos que os aproximam dos santos.<\/p><p>Quanto \u00e0 falta de pr\u00eamios Nobel que nos constrange frente aos argentinos, Ozires Silva, que liderou a cria\u00e7\u00e3o e a consolida\u00e7\u00e3o da Embraer, disse em entrevista que, em conversa com um sueco influente na escolha de laureados, ouviu que muitos brasileiros que poderiam ter alcan\u00e7ado o Nobel n\u00e3o o conquistaram porque foram detratados por seus conterr\u00e2neos.<\/p><p>Na \u00e1rea tecnol\u00f3gica e industrial, Ozires Silva \u00e9 seguramente um her\u00f3i nacional e assim deveria ser homenageado. Othon Pinheiro da Silva, sobre quem apresento aqui meu depoimento, \u00e9 seguramente um her\u00f3i da tecnologia nacional. Evidentemente, ele n\u00e3o partiu do zero em tudo; o grande m\u00e9rito de Othon foi justamente o de saber reunir tudo de bom que t\u00e9cnicos e cientistas haviam feito nas universidades, nos institutos da Comiss\u00e3o Nacional de Energia Nuclear &#8211; CNEN e, principalmente, no Instituto de Pesquisas Energ\u00e9ticas e Nucleares &#8211; IPEN.<\/p><p>O grande passo adiante que Othon deu foi conseguir, a\u00ed sim, partindo quase do ponto zero, tra\u00e7ar e percorrer o caminho t\u00e9cnico e pol\u00edtico para alcan\u00e7ar o enriquecimento do ur\u00e2nio, utilizando centr\u00edfugas fabricadas independentemente, em um tempo muito curto. Enriquecer ur\u00e2nio foi e \u00e9, em qualquer pa\u00eds, uma conquista \u00e9pica que inclui o uso de caminhos \u201cn\u00e3o ortodoxos\u201d para alcan\u00e7ar o objetivo.<\/p><p>No caminho t\u00e9cnico, existia e existe por parte da \u201ccomunidade internacional\u201d um cerco com barreiras formais e informais que t\u00eam como um dos objetivos primordiais o veto aos conhecimentos, materiais e equipamentos necess\u00e1rios para enriquecer o ur\u00e2nio. Quem se atreve a enriquecer ur\u00e2nio \u00e9, automaticamente, alvo de uma ampla gama de a\u00e7\u00f5es que incluem, em numerosos exemplos internacionais, a elimina\u00e7\u00e3o f\u00edsica de pessoas. H\u00e1, inclusive, suspeitas de que isso aconteceu no Brasil na \u00e1rea nuclear como na espacial.<\/p><p>No caminho pol\u00edtico, foi necess\u00e1rio tamb\u00e9m enfrentar obje\u00e7\u00f5es internas que s\u00e3o poderosas. Othon foi incrivelmente h\u00e1bil para conquistar apoio em um amplo espectro de autoridades e t\u00e9cnicos para conseguir, em todas as esferas do poder, o apoio necess\u00e1rio. Deve-se notar que as fases mais cr\u00edticas do projeto de enriquecimento isot\u00f3pico se deram em um ambiente de transi\u00e7\u00e3o entre o regime militar e o civil.<\/p><p>Devo aqui mencionar o indispens\u00e1vel apoio ao projeto do Almirante Maximiano, \u00e0 \u00e9poca Ministro da Marinha, que recentemente teve cassado seu t\u00edtulo de Doutor Honoris Causa pela Universidade Federal do Rio Grande &#8211; FURG, a meu ver injustamente.<\/p><p>Al\u00e9m de construir as centr\u00edfugas, obter ou fabricar materiais especiais e equipamentos auxiliares, foi necess\u00e1rio montar e operar uma cascata de centr\u00edfugas e demonstrar, de forma inequ\u00edvoca, o \u00eaxito no processo de enriquecimento isot\u00f3pico do ur\u00e2nio. Dou meu testemunho, como ex-secret\u00e1rio da ABACC<a href=\"#_ftn2\" name=\"_ftnref2\">[2]<\/a>, que isso modificou o status que o Brasil desfruta no ambiente nuclear internacional.<\/p><p>Quero ainda dar meu testemunho de que, nos meses em que elabor\u00e1vamos os estudos do que ele chamava a Matriz El\u00e9trica Brasileira, sempre o vi solicitado por v\u00e1rios interlocutores para tratar do assunto da retomada de Angra 3. Tamb\u00e9m o vi tratar do seu projeto de turbina hidr\u00e1ulica de baixa queda apontado por ele como objeto de apoio financeiro de empres\u00e1rios. Como veremos, a Lava-jato quis negar o elo entre essas atividades e os pagamentos recebidos atrav\u00e9s de sua empresa Aratec.<\/p><p>Na minha opini\u00e3o, est\u00e1 na hora de darmos provas do reconhecimento do Pa\u00eds \u00e0 enorme contribui\u00e7\u00e3o de Othon Pinheiro da Silva ao desenvolvimento t\u00e9cnico e cient\u00edfico nacional, antes que seja tarde.<\/p><p style=\"text-align: right;\">Carlos Feu Alvim<\/p><p><strong>Nota do Editor:<\/strong><\/p><p>(*) Eu n\u00e3o tinha certeza de que a frase \u201co Brasil, gra\u00e7as a Deus, \u00e9 um pa\u00eds sem santos nem her\u00f3is* fosse minha, mas a \u201cAI\u201d me tranquiliza j\u00e1 que n\u00e3o a encontrou em sua imensa base de dados.<\/p><p>Talvez tenha me inspirado na cita\u00e7\u00e3o de Bertold Brecht \u201cInfeliz a na\u00e7\u00e3o que precisa de her\u00f3is\u201d. Mas quando encontrei a refer\u00eancia exata, descobri que sua frase est\u00e1 em sua pe\u00e7a a \u201cVida de Galileu\u201d e reforcei minha suspeita sobre origem de \u201cminha ideia\u201d j\u00e1 que a pe\u00e7a que assisti jovenzinho nos anos sessenta \u00e9 um texto fundamental na minha forma\u00e7\u00e3o. Com o aux\u00edlio da internet fui agora ao livro e encontrei o di\u00e1logo em que a frase est\u00e1 inserida e imaginei que na cena, ao inv\u00e9s de Galileu fosse o Othon que estivesse chegando de volta da pris\u00e3o.<\/p><p>Na pe\u00e7a, Galileu chega aonde est\u00e3o seus disc\u00edpulos, muitos o censurando por sua ren\u00fancia p\u00fablica, (n\u00f3s do s\u00e9culo XX, dir\u00edamos autocr\u00edtica) \u00e0 teoria helioc\u00eantrica, isto era indispens\u00e1vel para se livrar da morte pela Inquisi\u00e7\u00e3o:<\/p><p>FEDERZONI \u2014 Ele nunca lhe pagou direito pelo seu trabalho. Voc\u00ea n\u00e3o p\u00f4de comprar cal\u00e7as nem publicar trabalho seu. Voc\u00ea aceitava o preju\u00edzo porque \u201cn\u00f3s trabalh\u00e1vamos pela Ci\u00eancia\u201d!<\/p><p>ANDREA em voz alta &#8211; <strong>Infeliz a na\u00e7\u00e3o que n\u00e3o tem her\u00f3is!<\/strong><\/p><p><em>Galileu entra, inteiramente mudado pelo processo, quase irreconhec\u00edvel. Ouve a frase de Andrea. Para \u00e0 porta, por alguns instantes, \u00e0 espera de uma sauda\u00e7\u00e3o. Como esta n\u00e3o vem, pois os disc\u00edpulos recuam diante dele, ele vem para a frente, devagar e inseguro, por causa dos seus olhos enfraquecidos; encontra uma banqueta e se senta.<\/em><\/p><p>ANDREA \u2014 Eu n\u00e3o posso mais v\u00ea-lo. Ele que v\u00e1 embora.<\/p><p>FEDERZONI \u2014 Calma.<\/p><p>ANDREA <em>grita com Galileu<\/em> \u2014 Esponja de vinho! Comedor de lesmas! Salvou a sua pele bem-amada? <em>Senta-se<\/em>. Estou me sentindo mal<\/p><p>GALILEU calmo \u2014 Tragam um copo d\u2019\u00e1gua!<\/p><p><em>O Pequeno Monge sai para buscar um copo d\u2019\u00e1gua. Os outros n\u00e3o se ocupam de Galileu, que est\u00e1 atento, em sua banqueta. Ouve-se novamente a voz do arauto \u00e0 dist\u00e2ncia.<\/em><\/p><p><em>ANDREA \u2014 J\u00e1 d\u00e1 para andar, se voc\u00eas me ajudarem um pouco.<\/em><\/p><p><em>Sustentado pelos dois, ele sai pela porta. Nesse momento Galileu come\u00e7a a falar.<\/em><\/p><p><em>GALILEU \u2014 <strong>N\u00e3o. Infeliz a na\u00e7\u00e3o que precisa de her\u00f3is.<\/strong><\/em><\/p><p>A cena reflete muito a ambiguidade das situa\u00e7\u00f5es descritas. As duas frases em negrito s\u00e3o, a rigor, de autoria de Brecht. Alguns desejariam que Galileu se entregasse \u00e0 Inquisi\u00e7\u00e3o para ser um her\u00f3i \u00e0 maneira brasileira. Outros preferiam Galileu continuando sua obra dizendo (ou n\u00e3o)\u00a0 \u201cE pur si muove\u201d [no entanto, ela (a Terra) se move].<\/p><p>No jogo das frases e seus sentidos, a frase do Galileu e do Andrea brechtianos n\u00e3o s\u00e3o de todo incoerentes, afinal <strong>a na\u00e7\u00e3o que tem her\u00f3is n\u00e3o precisa de her\u00f3is<\/strong>.<\/p><p>Refletindo melhor sobre o Brasil e o caso Othon, pensando no horror que Othon sempre manifesta sobre nosso \u201ccomplexo de vira-lata\u201d, cunhado por Nelson Rodrigues, acho que a frase que melhor se aplica ao caso seria, parodiando o genial Brecht:<\/p><p style=\"text-align: center;\"><span style=\"color: #000000;\"><strong>Infeliz a na\u00e7\u00e3o que n\u00e3o reconhece seus her\u00f3is<\/strong><\/span><\/p><p><span style=\"color: #0000ff;\">Refer\u00eancias<\/span><\/p><p>Borges, R. (07 de novembro de 2017). <em>Militar condenado na Lava Jato diz que foi preso por interesse internacional.<\/em> Fonte: Folha de S\u00e3o Paulo: http:\/\/tools.folha.com.br\/print?site=emcimadahora&amp;url=http:\/\/www1.folha.uol.com.br\/poder\/2017\/11\/1933381-militar-condenado-na-lava-jato-diz-que-foi-preso-por-interesse-internacional.shtml<\/p><p>Carlos Feu Alvim, J. I. Vargas (abril de 2005). <em>Um \u201cPorto de Destino\u201d para o Sistema El\u00e9trico Brasileiro:.<\/em> Fonte: Economia e Energia No 49.<\/p><p>Filho, J. R. (julho\/dezembro de 2021). O Projeto do Submarino Nuclear Brasileiro. <em>Contexto Internacional<\/em>, pp. 277-316.<\/p><p><a href=\"#sumario\">Voltar Sum\u00e1rio<\/a><\/p><h1>__________________<\/h1><h1>__<\/h1><p><a href=\"https:\/\/ecen.com.br\/?page_id=5516&amp;elementor-preview=5516&amp;ver=1718891562#sumario\">Sum\u00e1rio<\/a><\/p><p><em>Editorial:\u00a0<\/em><a href=\"https:\/\/ecen.com.br\/?page_id=5516&amp;elementor-preview=5516&amp;ver=1718891562#_Toc169124588\"><strong>Othon Pinheiro da Silva<\/strong>.<\/a><\/p><p><a href=\"https:\/\/ecen.com.br\/?page_id=5516&amp;elementor-preview=5516&amp;ver=1718891562#_Toc169124589\"><em>Introdu\u00e7\u00e3o a este n\u00famero:<\/em>\u00a0\u00a0<\/a><a href=\"https:\/\/ecen.com.br\/?page_id=5516&amp;elementor-preview=5516&amp;ver=1718891562#_Toc169124590\"><strong>Her\u00f3is e Santos<\/strong><\/a><\/p><p>Artigo:\u00a0<a href=\"https:\/\/ecen.com.br\/?page_id=5516&amp;elementor-preview=5516&amp;ver=1718891562#_Toc169124591\"><strong>Estudo sobre a Matriz El\u00e9trica\u00a0 e a Retomada de Angra 3\u00a0<\/strong><\/a><\/p><p>Depoimento \u00e0 Justi\u00e7a:\u00a0<a href=\"https:\/\/ecen.com.br\/?page_id=5516&amp;elementor-preview=5516&amp;ver=1718891562#_Toc169124599\"><strong>Depoimento de Jos\u00e9 Israel Vargas\u00a0 sobre Othon Pinheiro da Silva<\/strong>\u00a0\u00a0<\/a><\/p><p>Relato de Othon \u00e0 E&amp;E em maio de 2014:\u00a0<a href=\"https:\/\/ecen.com.br\/?page_id=5516&amp;elementor-preview=5516&amp;ver=1718891562#_Toc169124601\"><strong>Os Caminhos para conseguir o A\u00e7o Maraging<\/strong>.<\/a><\/p><p>Artigo publicado por ocasi\u00e3o da\u00a0<em>pris\u00e3o<\/em>\u00a0do Almirante Othon:\u00a0<a href=\"https:\/\/ecen.com.br\/?page_id=5516&amp;elementor-preview=5516&amp;ver=1718891562#_Toc169124603\"><strong>A Pris\u00e3o de um Her\u00f3i Nacional<\/strong>\u00a0<\/a><\/p><p><a href=\"https:\/\/ecen.com.br\/?page_id=5516&amp;elementor-preview=5516&amp;ver=1718891562#sumario\">voltar<\/a><\/p><h1>________________<\/h1><h1><a name=\"_Toc169124591\"><\/a><strong>Estudo sobre a Matriz El\u00e9trica<br \/>e a Retomada de Angra 3<\/strong><\/h1><p style=\"text-align: right;\"><em>\u00a0<\/em><em>Carlos Feu Alvim<\/em><\/p><p><a name=\"_Toc169124592\"><\/a><a name=\"_Toc164888252\"><\/a><a name=\"_Toc165565037\"><\/a><strong><em>O <\/em><em>Estudo Contestado<\/em><\/strong><\/p><p>Esta Revista E&amp;E no seu n\u00b0 49, em maio de 2015, publicou artigo que resume a parte de estudos do trabalho de consultoria que o Almirante Othon Pinheiro da Silva apresenta como parte da justificativa para o recebimento de 3 milh\u00f5es de reais (valores de 2014).<\/p><p>O Minist\u00e9rio P\u00fablico Federal teria considerado que o estudo era simpl\u00f3rio ou fict\u00edcio (Borges, 2017). Quanto a ser \u201csimpl\u00f3rio ou fict\u00edcio\u201d o pr\u00f3prio Othon deu uma resposta adequada em sua entrevista a aquele jornal logo ap\u00f3s ser libertado da pris\u00e3o por <em>habeas corpus<\/em> do TRF 2.<\/p><p style=\"padding-left: 40px;\"><em>Um desconhecimento total, ou uma vontade de n\u00e3o querer reconhecer [a import\u00e2ncia do trabalho]. S\u00e3o anos de pensamento sobre o Brasil. O que aconteceu no pa\u00eds e sobre o que falava meu estudo? O consumo de energia cresceu e o estoque de \u00e1gua das hidrel\u00e9tricas estacionou na d\u00e9cada de 80. Antes disso, o Brasil poderia passar por v\u00e1rios anos \u201csecos\u201d porque tinha estoque de \u00e1gua. Mas isso mudou e veio o \u201capag\u00e3o\u201d. O Brasil precisa de energia t\u00e9rmica de base. T\u00e9rmicas podem ser movidas a carv\u00e3o ou a energia nuclear e n\u00f3s temos reservas de ur\u00e2nio equivalentes a 50% do pr\u00e9-sal<\/em>\u201d FSP 07\/11\/2017<\/p><p>O trabalho, evidentemente, existe. Uma vers\u00e3o simplificada foi publicada no n\u00b0 49 da E&amp;E (Carlos Feu Alvim, 2005), em maio de 2005, antes portanto da posse de Othon (outubro de 2005) na Presid\u00eancia da Eletronuclear e foi entregue ao Juiz que conduziu o caso. Em rela\u00e7\u00e3o \u00e0 classifica\u00e7\u00e3o de \u201csimpl\u00f3rio\u201d, n\u00e3o se pode reconhecer no parecer do MP capacidade de julgamento superior \u00e0 equipe de autores que, al\u00e9m do pr\u00f3prio Almirante Othon, reuniu o n\u00facleo da equipe da E&amp;E<a href=\"#_ftn3\" name=\"_ftnref3\"><sup>[3]<\/sup><\/a>, com destaque para a colabora\u00e7\u00e3o e consultoria de Jos\u00e9 Israel Vargas, doutor em Qu\u00edmica na \u00e1rea nuclear por Cambridge, ex-Ministro da Ci\u00eancia e Tecnologia, ex-presidente do Conselho da UNESCO e membro da Academia de Ci\u00eancias do Brasil, onde exerceu a fun\u00e7\u00e3o de Presidente, sendo coautor do artigo<a href=\"#_ftn4\" name=\"_ftnref4\">[4]<\/a>.<\/p><table style=\"height: 455px;\" width=\"428\"><tbody><tr><td><p><strong>Conte\u00fado do artigo<\/strong><br \/>&#8220;Um Porto de Destino para o Sistema El\u00e9trico Brasileiro\u201d publicado no N\u00b0 49 da Revista Economia e Energia. Abril-maio de 2005. Que est\u00e1 dispon\u00edvel em http:\/\/ecen.com\/eee49\/eee49p\/ecen_49p.htm\u00a0 .<\/p><p><strong>Anexos<\/strong><\/p><ul><li style=\"list-style-type: none;\"><ul><li>Anexo 1: Nota Metodol\u00f3gica sobre Modelo Simples de Simula\u00e7\u00e3o de Sistemas Hidrel\u00e9tricos<\/li><li>Anexo 2:\u00a0 Cen\u00e1rio Macroecon\u00f4mico de Refer\u00eancia<\/li><li>Anexo 3: Proje\u00e7\u00e3o da Demanda de Energia El\u00e9trica com base na Energia Equivalente<\/li><li>Anexo 4: Nota Metodol\u00f3gica sobre a Introdu\u00e7\u00e3o de T\u00e9rmicas em Sistema Predominante Hidrel\u00e9trico com Aux\u00edlio de um Modelo<\/li><\/ul><\/li><\/ul><\/td><\/tr><\/tbody><\/table><p><span style=\"color: var( --e-global-color-text ); font-family: var( --e-global-typography-text-font-family ), Sans-serif; font-size: var( --e-global-typography-text-font-size ); font-weight: var( --e-global-typography-text-font-weight );\">Neste n\u00famero estamos divulgando o Relat\u00f3rio Final deste Trabalho. O conte\u00fado do artigo e seus anexos, d\u00e3o ideia do trabalho que usou metodologias e softwares desenvolvidos em anos de trabalho da equipe E&amp;E\/ECEN Consultoria cujo conte\u00fado (incluindo o v\u00ednculo) s\u00e3o mencionados no quadro seguinte.<\/span><\/p><p><a name=\"_Toc165565038\"><\/a><strong><em>A \u201cImport\u00e2ncia Cient\u00edfica do trabalho para o setor privado<\/em><em>\u201d<\/em><\/strong><\/p><p>Na senten\u00e7a proferida pelo Juiz Bretas ele considerou que o estudo \u201cseria singelo demais para justificar o elevado valor pago pela empreiteira\u201d<a href=\"#_ftn5\" name=\"_ftnref5\"><sup>[5]<\/sup><\/a> e que \u201cnem mesmo a testemunha arrolada por Othon Luiz, coautor do estudo, Carlos Augusto Feu Alvim da Silva, logrou precisar <strong>a import\u00e2ncia cient\u00edfica do trabalho para o setor privado<\/strong>\u201d.<\/p><p>A quantifica\u00e7\u00e3o que me pediu o juiz \u00e9 efetivamente dif\u00edcil de ser feita, principalmente porque ele quis compar\u00e1-la com a quantia que a E&amp;E havia recebido para cobrir custos (30 mil reais) com o valor de 3 milh\u00f5es recebido pelo Almirante Othon, como tamb\u00e9m consta do inqu\u00e9rito. Eu confesso que a provoca\u00e7\u00e3o do Juiz me pegou de surpresa e n\u00e3o encontrei os argumentos que gostaria de ter apresentado. Lamentei por n\u00e3o ter sido mais incisivo, embora saiba que nenhum argumento mudaria a senten\u00e7a.<\/p><p>Como coment\u00e1rio preliminar, acrescento que a defesa do almirante deixa claro, e ele mesmo declara, que o pagamento estava condicionado ao sucesso na miss\u00e3o de convencer as autoridades sobre a necessidade da retomada de Angra 3, do ponto de vista energ\u00e9tico, t\u00e9cnico e econ\u00f4mico. O trabalho escrito tinha o objetivo de subsidiar a decis\u00e3o desejada para a retomada das obras, que, evidentemente, era de interesse das empreiteiras (e tamb\u00e9m daqueles que, como n\u00f3s, trabalh\u00e1vamos na \u00e1rea). O Juiz Bretas afirmou que o \u201cestudo\u201d era apenas o meio aparentemente l\u00edcito de explicar o pagamento de mais de 3 milh\u00f5es de reais, mas que, na verdade, era propina paga a Othon Luiz para que \u201cn\u00e3o criasse problemas nos recebimentos dos servi\u00e7os contratados\u201d. Ou seja, o juiz aceitou como acusa\u00e7\u00e3o a impress\u00e3o de que o crime a ser cometido pelo acusado seria a \u201cn\u00e3o cria\u00e7\u00e3o de problemas\u201d. A defesa apresentou casos concretos onde houve obje\u00e7\u00f5es a pagamentos, mas n\u00e3o existe prova de defesa poss\u00edvel para o suposto crime de \u201cn\u00e3o criar problemas\u201d. Um detalhe importante, assinalado pela defesa \u00e9 que a dela\u00e7\u00e3o premiada \u00e9 um documento conjunto, assinada por cinco funcion\u00e1rios da empreiteira n\u00e3o tendo sido apresentada nenhuma grava\u00e7\u00e3o das den\u00fancias, como recomenda a Lei.<\/p><p>Analisando <em>a posteriori<\/em>, percebi que no ambiente do processo em que tudo \u00e9 analisado sobre o ponto de vista de supostos interesses il\u00edcitos, ficava dif\u00edcil explicar que eu e a equipe de muito alto n\u00edvel da E&amp;E que colaborou conosco, \u00e9 que milit\u00e1vamos na convic\u00e7\u00e3o de que a energia nuclear \u00e9 parte importante para a seguran\u00e7a nacional em aspectos como a independ\u00eancia tecnol\u00f3gica, o equil\u00edbrio energ\u00e9tico e ambiental e a pr\u00f3pria defesa do pa\u00eds como, ali\u00e1s, ficou claro na negativa do Presidente Carter que for\u00e7ou a Westinghouse a n\u00e3o fornecer combust\u00edvel para Angra 1, assegurada por contrato comercial, negativa justificada por sua posi\u00e7\u00e3o contr\u00e1ria ao Acordo Brasil Alemanha (que nada tinha a ver com Angra 1).<\/p><p>Em primeiro lugar, a import\u00e2ncia cient\u00edfica de um trabalho n\u00e3o se mede pelo pre\u00e7o pago por ele, algumas renomadas revistas cobram do autor as despesas com a publica\u00e7\u00e3o, ou seja, o autor ou sua organiza\u00e7\u00e3o pagam pela publica\u00e7\u00e3o e fica dif\u00edcil avaliar desta maneira o seu valor. O valor monet\u00e1rio de um trabalho t\u00e9cnico, destinado ao convencimento de conclus\u00e3o de uma usina de dezenas bilh\u00f5es de reais n\u00e3o guarda rela\u00e7\u00e3o com sua \u201cimport\u00e2ncia cient\u00edfica\u201d, mas com sua efic\u00e1cia para convencer as autoridades. Para os autores, como n\u00f3s, vale muito a percep\u00e7\u00e3o de que o trabalho seja reconhecido como uma contribui\u00e7\u00e3o importante para o assunto em quest\u00e3o. O valor para os empres\u00e1rios, como ficou claro no depoimento do almirante, estava vinculado \u00e0 retomada da constru\u00e7\u00e3o da usina. Isto de fato ocorreu. Ou seja, o valor do trabalho dependeria de sua contribui\u00e7\u00e3o para atingir o objetivo. Eu percebo a atua\u00e7\u00e3o de Othon, como a de um engenheiro de alto prest\u00edgio que elaborou, uma defesa t\u00e9cnica na qual o citado relat\u00f3rio fazia parte.<\/p><p>N\u00e3o existe, ali\u00e1s, no texto da senten\u00e7a condenat\u00f3ria, um questionamento sobre a evidente import\u00e2ncia do engenheiro Othon na retomada de Angra 3. Sua indica\u00e7\u00e3o para Presidente da Eletronuclear, quando ainda estava em marcha o processo de que levaria a retomada de Angra 3 \u00e9 a prova mais evidente de seu poder de convencimento. Um detalhe interessante alegado pela defesa \u00e9 que anteriormente \u00e0 sua indica\u00e7\u00e3o para Eletronuclear existem pagamentos diretos das empreiteiras \u00e0 Empresa Aratec cujo, s\u00f3cio principal era o almirante Othon.<\/p><p>Para mim, ele atuou como um \u201cadvogado t\u00e9cnico\u201d para convencer as autoridades da import\u00e2ncia da reativa\u00e7\u00e3o de Angra 3. Trata-se de uma causa da ordem de 20 bilh\u00f5es de reais. Quanto receberia se fosse um advogado?<\/p><p>Como no Brasil a Hist\u00f3ria realmente parece se repetir, voltamos a discutir agora o assunto do prosseguimento de Angra 3 e leio uma avalia\u00e7\u00e3o de que sua paraliza\u00e7\u00e3o atual, consequ\u00eancia, em grande parte do afastamento de sucessivos Presidentes da Eletronuclear, custa anualmente 1,2 bilh\u00e3o de reais; chega a ser ir\u00f4nico que a suspeita sobre um pagamento de <strong>3 milh\u00f5es de reais<\/strong> tenha desencadeado um preju\u00edzo acumulado que j\u00e1 supera <strong>6 bilh\u00f5es de reais.<\/strong><\/p><p><strong><a name=\"_Toc165565039\"><\/a><a name=\"_Toc169124593\"><\/a><em>Conte\u00fado do Trabalho<\/em><\/strong><\/p><p>Como coautor e coordenador do trabalho acho que tenho obriga\u00e7\u00e3o de contestar sua desvaloriza\u00e7\u00e3o, n\u00e3o em termos de valor monet\u00e1rio, mas de seu conte\u00fado. Estamos colocando dispon\u00edvel, neste n\u00famero o Relat\u00f3rio Final e seus anexos. A principal discuss\u00e3o do trabalho \u00e9 muito atual que \u00e9 demonstra\u00e7\u00e3o da necessidade de uma complementa\u00e7\u00e3o t\u00e9rmica para a gera\u00e7\u00e3o de eletricidade no Sistema Integrado Nacional &#8211; SIN.<\/p><p>Os estudos consolidados no nosso artigo publicado na Revista E&amp;E n\u00b0 49 e seus anexos contaram com o aux\u00edlio de modelos computacionais que utilizam o comportamento hist\u00f3rico de vari\u00e1veis econ\u00f4micas e as limita\u00e7\u00f5es encontradas para o crescimento do pa\u00eds, principalmente as de capacidade de investimento e produtividade de capital para <strong>projetar o crescimento poss\u00edvel<\/strong> <strong>do PIB.<\/strong> Essa abordagem geral \u00e9 acoplada a <strong>proje\u00e7\u00e3o da composi\u00e7\u00e3o setorial da economia<\/strong> utilizando os dados hist\u00f3ricos da participa\u00e7\u00e3o setorial no PIB no Brasil e outros pa\u00edses em desenvolvimento e desenvolvidos. Em seguida, foram utilizados dados hist\u00f3ricos nacionais e externos do <strong>consumo espec\u00edfico de energia equivalente por valor agregado para projetar o comportamento dessa vari\u00e1vel em cada setor econ\u00f4mico<\/strong>. A partir dessas proje\u00e7\u00f5es s\u00e3o formados cen\u00e1rios coerentes de proje\u00e7\u00e3o do PIB total e setorial e dos coeficientes energia equivalente \/ produto. A energia equivalente considera as efici\u00eancias de uso de cada tipo de energia final em cada setor da economia. <strong>A participa\u00e7\u00e3o da energia el\u00e9trica na energia equivalente por setor \u00e9 projetada levando em conta os dados hist\u00f3ricos do Brasil e de outros pa\u00edses<\/strong>.<\/p><p>Tanto a produtividade de capital em cada setor econ\u00f4mico, como a composi\u00e7\u00e3o setorial do PIB, a energia equivalente por produto e a participa\u00e7\u00e3o da eletricidade na energia equivalente s\u00e3o vari\u00e1veis \u201cbem-comportadas\u201d no tempo o que aumenta a confiabilidade das proje\u00e7\u00f5es.<\/p><p>A produ\u00e7\u00e3o de eletricidade no Brasil foi, historicamente, dominada pela energia h\u00eddrica. Grandes barragens permitiam criar um sistema autorregul\u00e1vel n\u00e3o s\u00f3 ao longo de cada ano como se preparando para enfrentar as varia\u00e7\u00f5es plurianuais derivadas de varia\u00e7\u00f5es meteorol\u00f3gicas globais como as causadas por <em>El Ni\u00f1o<\/em>. As falhas de abastecimento que ocorriam n\u00e3o eram fruto de uma falha estrutural do sistema el\u00e9trico, mas por uma capacidade deficiente de gera\u00e7\u00e3o, transmiss\u00e3o e distribui\u00e7\u00e3o.<\/p><p>O Sistema Interligado Nacional &#8211; SIN foi concebido a partir de regi\u00f5es geogr\u00e1ficos Norte &#8211; N, Nordeste NE, Sudeste\/Centro \u2013 SE\/CO e Sul &#8211; S. Cada sistema \u00e9 interligado entre si e existem linh\u00f5es entre as regi\u00f5es que possibilitam uma integra\u00e7\u00e3o no Sistema. Para cada Regi\u00e3o, existe um levantamento do potencial h\u00eddrico por bacia e da energia afluente por ponto de gera\u00e7\u00e3o. Existem dados de aflu\u00eancia de energia h\u00eddrica, de armazenamento nas barragens para todas as bacias e de gera\u00e7\u00e3o de eletricidade e de energia n\u00e3o aproveitada para praticamente todas as usinas hidroel\u00e9tricas existentes, ao longo de mais de 70 anos. Felizmente, o Brasil tem um conjunto de dados energ\u00e9ticos bastante completo e um planejamento energ\u00e9tico decenal transparente no n\u00edvel nacional que no passado se apoiou muito nas empresas estatais<a href=\"#_ftn6\" name=\"_ftnref6\"><sup>[6]<\/sup><\/a>.<\/p><p>No momento de realiza\u00e7\u00e3o do estudo, o sistema de planejamento federal ainda estava em transi\u00e7\u00e3o. A E&amp;E\/ECEN realizou trabalhos, contratados por \u00f3rg\u00e3os federais e estaduais, onde utilizamos os <em>softwares<\/em> desenvolvidos para proje\u00e7\u00f5es econ\u00f4micas, energ\u00e9ticas e de contabiliza\u00e7\u00e3o de emiss\u00f5es de gases de efeito estufa na \u00e1rea energ\u00e9tica.<\/p><p>Do estudo surgiu a import\u00e2ncia de se dispor de energia firme e de energia complementar a ser suprida por t\u00e9rmicas convencionais. O estudo chamou a aten\u00e7\u00e3o para o problema da instabilidade das fontes naturais ou renov\u00e1veis que necessitariam novas formas de armazenamentos e\/ou complementa\u00e7\u00e3o energ\u00e9tica para assegurar a confiabilidade do abastecimento el\u00e9trico.<\/p><p>Certamente, o estudo foi pioneiro em uma an\u00e1lise abrangente do problema e na previs\u00e3o das dificuldades que a expans\u00e3o hidroel\u00e9trica para a regi\u00e3o amaz\u00f4nica traria para o Sistema Integrado. O estudo revelou que essa expans\u00e3o agravaria o problema associado \u00e0 sazonalidade das chuvas.<\/p><p><a name=\"_Toc169124594\"><\/a><strong><em>O Porto de Destino do Setor El\u00e9trico.<\/em><\/strong><\/p><p>No momento de realiza\u00e7\u00e3o do estudo a principal obje\u00e7\u00e3o \u00e0 eletricidade de origem nuclear era que havia um grande potencial de energia na Amaz\u00f4nia ainda n\u00e3o aproveitada.<\/p><p>O estudo mostrou que, por raz\u00f5es topogr\u00e1ficas, os lagos das barragens necess\u00e1rias para uma autorregula\u00e7\u00e3o de usina na Regi\u00e3o Amaz\u00f4nica, iriam cobrir grandes superf\u00edcies e isso, quase certamente, implicaria danos ambientais e impactos sociais sobre popula\u00e7\u00f5es protegidas por Lei como as ind\u00edgenas e quilombolas. Mesmo assim, a regula\u00e7\u00e3o pode n\u00e3o ser suficiente. O exemplo mais eloquente disto \u00e9 a usina de Balbina que, mesmo com um espelho d\u2019\u00e1gua enorme, n\u00e3o consegue produzir energia ao longo de todo ano.<\/p><p>Durante algum tempo, acreditou-se, ou nos fizeram acreditar, que o regime de chuvas diferente da Regi\u00e3o Amaz\u00f4nica poderia complementar o da regi\u00e3o SE\/CO de cujas \u00e1guas prov\u00eam a maior parte da gera\u00e7\u00e3o hidrel\u00e9trica do Brasil, incluindo a do NE. Como mostram as s\u00e9ries hist\u00f3ricas dispon\u00edveis, abrangendo mais de 70 anos, essa complementariedade sazonal praticamente n\u00e3o existe neste caso<a href=\"#_ftn7\" name=\"_ftnref7\"><sup>[7]<\/sup><\/a>.<\/p><p>Um problema adicional \u00e9 que o uso da energia gerada na Amaz\u00f4nia necessita de uma complexa e custosa transmiss\u00e3o j\u00e1 que os centros de consumo est\u00e3o h\u00e1 milhares de quil\u00f4metros de onde a eletricidade \u00e9 gerada. Tamb\u00e9m \u00e9 necess\u00e1rio dispor de usinas capazes de responder as oscila\u00e7\u00f5es di\u00e1rias, sazonais e plurianuais da oferta das fontes renov\u00e1veis.<\/p><p>O funcionamento do Sistema Integrado Nacional \u00e9 bastante complexo, e o Operador Nacional do Sistema tem sido capaz de oper\u00e1-lo com compet\u00eancia o que n\u00e3o impede que aconte\u00e7am falhas que eventualmente se propagam, causando os apag\u00f5es.<\/p><p>A quest\u00e3o colocada para o trabalho foi visualizar o \u201cporto de destino do sistema el\u00e9trico integrado brasileiro\u201d considerando a participa\u00e7\u00e3o de diversas fontes. O problema da din\u00e2mica da interliga\u00e7\u00e3o entre as regi\u00f5es foi eludido usando o conceito de reservat\u00f3rio \u00fanico que corresponde, justamente, a supor que as regi\u00f5es estariam perfeitamente integradas.<\/p><p>Basicamente, o que \u00e9 simulado na an\u00e1lise \u00e9 a melhor utiliza\u00e7\u00e3o da energia armazenada nas barragens para enfrentar as varia\u00e7\u00f5es de aflu\u00eancia hist\u00f3ricas conhecidas para cada regi\u00e3o. Ou seja, considerou-se a configura\u00e7\u00e3o futura das h\u00eddricas, com base nos planos existentes decenal e de longo prazo. Algumas fontes atuando obrigatoriamente na base foram consideradas de acordo com crit\u00e9rios correntes na \u00e9poca. Isso inclu\u00eda uma fra\u00e7\u00e3o da energia h\u00eddrica para assegurar uma vas\u00e3o m\u00ednima, a energia das usinas nucleares e, por raz\u00f5es regionais, uma fra\u00e7\u00e3o importante da pequena capacidade de gera\u00e7\u00e3o a carv\u00e3o vapor.<\/p><p>A conclus\u00e3o principal do estudo \u00e9 sobre a inevitabilidade pr\u00e1tica do Sistema Integrado contar com uma gera\u00e7\u00e3o complementar \u00e0 h\u00eddrica que possa ser programada pelo operador, tanto na configura\u00e7\u00e3o atual como nos diversos cen\u00e1rios para o futuro. A complementa\u00e7\u00e3o necess\u00e1ria foi suposta como sendo suprida pelas t\u00e9rmicas. Os dados relativos da aflu\u00eancia hist\u00f3rica de cada regi\u00e3o foram considerados para projetar o comportamento futuro da aflu\u00eancia em cada uma delas. Os diferentes cen\u00e1rios de oferta de energia h\u00eddrica futura foram simulados considerando a capacidade de gera\u00e7\u00e3o programada e essas aflu\u00eancias hist\u00f3ricas foram confrontados com a demanda projetada. Usando as informa\u00e7\u00f5es regionais de capacidade de armazenamento, foram determinados o excesso de \u00e1gua considerado como vertido e os d\u00e9ficits a serem supridos por t\u00e9rmicas.<\/p><p>O programa foi testado para \u201cprever o passado\u201d e nesse exerc\u00edcio foram considerados par\u00e2metros para deslanchar preventivamente as t\u00e9rmicas como, percentual de volume m\u00ednimo nos reservat\u00f3rios, pot\u00eancia m\u00ednima a partir de algumas fontes. Tamb\u00e9m foi considerado o par\u00e2metro de energia m\u00ednima assegurada para a toler\u00e2ncia de algum d\u00e9ficit. O ajuste desses par\u00e2metros foi capaz de reproduzir bem o comportamento do Sistema no passado tanto do uso das usinas como o da suplementa\u00e7\u00e3o t\u00e9rmica, inclusive o apag\u00e3o de 2001. Esse ajuste de par\u00e2metros foi usado nas simula\u00e7\u00f5es de cen\u00e1rios futuros.<\/p><p>O principal resultado do estudo foi definir o espa\u00e7o poss\u00edvel de ser ocupado por gera\u00e7\u00e3o a partir de fonte t\u00e9rmica. O nicho para a energia nuclear foi considerado como a demanda de energia firme n\u00e3o sujeita oscila\u00e7\u00f5es sazonais ou plurianuais.<\/p><p>O espa\u00e7o a ser ocupado pelas t\u00e9rmicas \u00e9 o de complementa\u00e7\u00e3o das h\u00eddricas cuja prefer\u00eancia de utiliza\u00e7\u00e3o \u00e9 assegurada pelo custo do combust\u00edvel considerado nulo.<\/p><p>Foi muito importante para compreender a fragilidade do Sistema, a an\u00e1lise da altera\u00e7\u00e3o da precipita\u00e7\u00e3o pluviom\u00e9trica por anos sucessivos, como foi o caso da crise de abastecimento enfrentada pelo Governo FHC em 2001. Por causa desse tipo de d\u00e9ficit, existe a necessidade de uma capacidade de gera\u00e7\u00e3o t\u00e9rmica para atuar emergencialmente. Como conclus\u00e3o, o fator de capacidade para essas usinas ser\u00e1 muito pequeno, ou seja, elas ser\u00e3o pouco acionadas e ter\u00e3o de ser remuneradas por sua disponibilidade como efetivamente aconteceu. Essa medida, abominada pelos ambientalistas, tem sua justificativa, tamb\u00e9m ambiental, j\u00e1 que ela facilita a utiliza\u00e7\u00e3o m\u00e1xima da capacidade de gera\u00e7\u00e3o renov\u00e1vel.<\/p><p>Tamb\u00e9m \u00e9 poss\u00edvel programar alguns setores para que utilizem as sobras de energia el\u00e9trica, setores que aceitem contratar energia n\u00e3o assegurada. Existe exemplo de produtor de alum\u00ednio, que gerava sua pr\u00f3pria energia, que decidiu restringir sua produ\u00e7\u00e3o porque vender energia no mercado livre era mais lucrativo que produzir alum\u00ednio.<\/p><p>Parte das dificuldades previstas no estudo j\u00e1 est\u00e3o se concretizando. J\u00e1 se sabe na pr\u00e1tica que a seca na Amaz\u00f4nia se sobrep\u00f5e \u00e0 esta\u00e7\u00e3o seca de SE\/CO e NE (Ver anexo 1). Como resultado das press\u00f5es sociais e ambientais, as usinas constru\u00eddas, como a de Tucuru\u00ed e Belo Monte, s\u00e3o centrais quase \u201ca fio d\u2019\u00e1gua\u201d, com armazenamento m\u00ednimo. Em boa parte do ano (quase metade) elas precisam da complementa\u00e7\u00e3o de centrais cuja produ\u00e7\u00e3o possa ser diretamente controlada pelo operador. Em outro per\u00edodo do ano, n\u00e3o existe a capacidade de gera\u00e7\u00e3o necess\u00e1ria e uma grande quantidade de \u00e1gua \u00e9 jogada pelo ladr\u00e3o.<\/p><p>Constatada essas dificuldades, a expans\u00e3o da produ\u00e7\u00e3o na Regi\u00e3o Norte foi freada e as centrais de energia renov\u00e1vel e\u00f3licas ou solares preencheram, em parte, as necessidades. Novos problemas de regula\u00e7\u00e3o foram introduzidos porque a energia e\u00f3lica, como a solar, s\u00e3o fontes oscilantes ao longo dos meses e\/ou do dia<a href=\"#_ftn8\" name=\"_ftnref8\"><sup>[8]<\/sup><\/a>.<\/p><p>O Sistema Integrado tem que absorver as oscila\u00e7\u00f5es na produ\u00e7\u00e3o e consumo de energia el\u00e9trica em todo o territ\u00f3rio nacional. A crescente interliga\u00e7\u00e3o entre as regi\u00f5es exigiu e exigir\u00e1 importantes investimentos. Os aspectos relacionados a investimentos s\u00e3o cruciais porque uma unidade de gera\u00e7\u00e3o que s\u00f3 pode produzir a metade do tempo quando entra na rede, precisa de igual capacidade de gera\u00e7\u00e3o em outro ponto do Sistema, para atender a demanda ao longo do tempo.<\/p><p>O que o trabalho mostrou \u00e9 que a demanda e a gera\u00e7\u00e3o de eletricidade estavam crescendo e a capacidade de armazenamento ficara quase estacionada. Como a regula\u00e7\u00e3o do sistema depende de reservat\u00f3rios e eles n\u00e3o conseguem mais estabilizar o Sistema \u00e9 necess\u00e1rio encontrar uma outra maneira de armazenar a energia ou instalar t\u00e9rmicas que possibilitam a compensar as interrup\u00e7\u00f5es das usinas da Regi\u00e3o Norte. A maneira dispon\u00edvel <strong>para fazer isso \u00e9 usar t\u00e9rmicas<\/strong> e o trabalho mostrou a capacidade de gera\u00e7\u00e3o t\u00e9rmica necess\u00e1ria para enfrentar as oscila\u00e7\u00f5es da energia h\u00eddrica. Como resultado direto do que estava j\u00e1 previsto no artigo, na pr\u00e1tica, foi necess\u00e1rio aumentar a capacidade de gera\u00e7\u00e3o t\u00e9rmica no Sistema Integrado<a href=\"#_ftn9\" name=\"_ftnref9\"><sup>[9]<\/sup><\/a>.<\/p><p>Mesmo admitindo que o estudo tenha sido crucial na ado\u00e7\u00e3o da decis\u00e3o de dar seguimento a Angra 3, os pr\u00f3prios advogados sabem que a valoriza\u00e7\u00e3o monet\u00e1ria de um parecer jur\u00eddico, que vale tamb\u00e9m para o t\u00e9cnico-econ\u00f4mico, depende do prest\u00edgio e autoridade de quem os apresenta. Por mais brilhante que seja o parecer, no entanto nada importa mais ao contratante que sua efetividade em alcan\u00e7ar o pleito. Em suma, no item seguinte tentamos mostrar a situa\u00e7\u00e3o especial que o Almirante Othon desfrutava para que seu parecer tivesse peso na quest\u00e3o da retomada de Angra 3.<\/p><p><a name=\"_Toc165565040\"><\/a><a name=\"_Toc169124595\"><\/a><strong><em>O Valor do Consultor<\/em><\/strong><\/p><p>Voltando \u00e0 pergunta do Juiz sobre <strong>o quanto valia o estudo, <\/strong>no decorrer de sua elabora\u00e7\u00e3o, buscamos deixar claros pontos que pensamos poderiam ser importantes para a decis\u00e3o de construir Angra 3. O que o Almirante Othon tem afirmado em suas entrevistas \u00e9 que ele fizera com os empres\u00e1rios um contrato verbal cujo pagamento final estaria condicionado ao resultado. Sua nomea\u00e7\u00e3o como Presidente da Eletronuclear provocou o problema do pagamento, que foi feito por vias indiretas, mas contabilizado pela sua empresa de consultoria, a ARATEC<\/p><p><strong>Para influir na decis\u00e3o sobre Angra 3 o Almirante Othon tinha uma posi\u00e7\u00e3o privilegiada<\/strong> por circunst\u00e2ncias que ultrapassam em muito o teor do nosso trabalho:<\/p><p style=\"padding-left: 40px;\">1)Tinha liderado o Programa Nuclear da Marinha cujo sucesso na \u00e1rea do enriquecimento com ultracentr\u00edfugas se opunha ao fracasso da importa\u00e7\u00e3o do processo de \u00eaxito duvidoso e maior custo oferecido pela Alemanha (<em>jet nozzle<\/em>) no acordo nuclear com o Brasil, do qual Angra 3 fez parte.\u00a0 O Almirante Othon, mesmo combatendo a op\u00e7\u00e3o pelo <em>Jet nozzle<\/em> e o ritmo adotado, na programa\u00e7\u00e3o de entrada em servi\u00e7o das centrais contratadas no Governo Geisel, sempre fora favor\u00e1vel \u00e0 linha de reatores adotada e tinha opini\u00e3o muito positiva sobre os reatores germ\u00e2nicos.<\/p><p style=\"padding-left: 40px;\">2) Al\u00e9m disso, havia coordenado, pouco antes, um estudo de viabilidade t\u00e9cnica e econ\u00f4mica de novas centrais nucleares para o Conselho Nacional de Pol\u00edtica Energ\u00e9tica &#8211; CNPE. Foi o pr\u00f3prio professor Goldemberg, proponente do estudo como membro do CNPE, que indicou o Almirante Othon para que coordenasse o estudo que durou v\u00e1rios meses com resultados favor\u00e1veis \u00e0 linha de reatores adotada<a href=\"#_ftn10\" name=\"_ftnref10\"><sup>[10]<\/sup><\/a>.<\/p><p style=\"padding-left: 40px;\">3) Por sua trajet\u00f3ria anterior, posi\u00e7\u00e3o independente e prest\u00edgio na comunidade cient\u00edfica onde existiam cr\u00edticas ao programa nuclear com a Alemanha, somado aos elementos fornecidos pelos estudos que participara \u00e9 que ele teve condi\u00e7\u00f5es de ser decisivo para a retomada da constru\u00e7\u00e3o de Angra 3<\/p><p><a name=\"_Toc169124596\"><\/a><strong><em>As Influ\u00eancias Externas que possivelmente atuaram na Den\u00fancia contra o Almirante Othon<\/em><\/strong><\/p><p>Ele tamb\u00e9m tem dito que desconfia de influ\u00eancias externas nas den\u00fancias que foram levantadas contra ele e que o levaram \u00e0 condena\u00e7\u00e3o. Sobre este assunto, tenho algo a dizer. Sei que sua a\u00e7\u00e3o no programa nuclear foi sempre monitorada de perto pelas entidades governamentais e n\u00e3o governamentais externas, principalmente dos EUA. Como Secret\u00e1rio da ABACC mantive rela\u00e7\u00e3o estreita com entidades que cuidavam da chamada \u201cn\u00e3o prolifera\u00e7\u00e3o nuclear\u201d e agentes de coopera\u00e7\u00e3o na \u00e1rea de salvaguardas ligados ao DOE (Departamento de Energia) americano. Fui informalmente indagado sobre as atividades do Almirante Othon, principalmente no per\u00edodo em que a Marinha o afastou das atividades nucleares.<\/p><p>Os EUA mant\u00eam uma vigil\u00e2ncia constante sobre potenciais proliferadores de conhecimentos sens\u00edveis na \u00e1rea nuclear. A metodologia para essa vigil\u00e2ncia chegou a ser oferecida \u00e0 ABACC tendo sido adotada pela Ag\u00eancia Internacional de Energia At\u00f4mica nas atividades de intelig\u00eancia que passaram a fazer parte das salvaguardas nucleares ap\u00f3s a ado\u00e7\u00e3o do chamado Protocolo Adicional pela AIEA. S\u00e3o acompanhadas as atividades dos principais cientistas da \u00e1rea, sua produ\u00e7\u00e3o cient\u00edfica e principalmente as interrup\u00e7\u00f5es de publica\u00e7\u00e3o em assuntos considerados sens\u00edveis que podem significar que seus autores se engajaram em atividades nucleares que envolvem segredos de Estado. Tamb\u00e9m participei, a convite dos americanos, em um simp\u00f3sio com os russos, na \u201ccidade nuclear\u201d de Obninsk. O assunto era a contabilidade e controle de materiais nucleares, mas o principal objetivo era oferecer atividades alternativas de trabalho, financiada pelos americanos, aos cientistas que poderiam evadir informa\u00e7\u00f5es nucleares sens\u00edveis ap\u00f3s o desmonte da Uni\u00e3o das Rep\u00fablicas Socialistas Sovi\u00e9ticas &#8211; URSS. Tenho raz\u00f5es para crer que o pr\u00f3prio estudo de viabilidade encomendado ao Almirante Othon (item 2) obedeceu a este tipo de preocupa\u00e7\u00e3o dos americanos que eu mesmo considero leg\u00edtima, embora tudo me indique que n\u00e3o fazia (nem faz) parte da natureza e forma\u00e7\u00e3o do Almirante Othon vender segredos brasileiros a estrangeiros.<\/p><p>No depoimento que prestei em ju\u00edzo sobre o julgamento da \u201copera\u00e7\u00e3o radioatividade\u201d, me perguntaram qual o valor que eu atribuiria a esses conhecimentos detidos pelo Almirante Othon. Respondi que certamente estaria na casa de milh\u00f5es de d\u00f3lares (o que \u00e9 confirmado pela BBC<a href=\"#_ftn11\" name=\"_ftnref11\">[11]<\/a>), mas uma ideia do valor desses conhecimentos est\u00e1 no fato de que o Brasil se engajou em um programa de <strong>bilh\u00f5es de d\u00f3lares<\/strong> com a Alemanha, no governo Geisel, <strong>na esperan\u00e7a de obter transfer\u00eancia de tecnologia, principalmente a de enriquecimento de ur\u00e2nio e reprocessamento de combust\u00edvel. <\/strong>Ou seja, o conhecimento gerado pela Marinha e o Instituto de Pesquisas Nucleares \u2013 IPEN e de outros da Comiss\u00e3o Nacional de Energia Nuclear \u2013 CNEN, sob a lideran\u00e7a do Almirante Othon valia bilh\u00f5es de d\u00f3lares na aprecia\u00e7\u00e3o dos que decidiram montar o programa com a Alemanha. Se n\u00e3o houvesse essa press\u00e3o por adquirir a tecnologia de enriquecimento e reprocessamento que motivou a assinatura do programa com a Alemanha poderiam ter sido evitado gastos literalmente bilion\u00e1rios com um programa de reatores para o qual n\u00e3o havia justificativa na evolu\u00e7\u00e3o da demanda projetada pela Eletrobras.<\/p><p>O Almirante Othon s\u00f3 recentemente explicitou, na poss\u00edvel motiva\u00e7\u00e3o externa de sua den\u00fancia que resultou em sua pris\u00e3o, o ativo papel que ele teve, na reativa\u00e7\u00e3o do programa do submarino nuclear e todo o desenvolvimento a ele relacionado. Atrav\u00e9s do aconselhamento que prestou ao Minist\u00e9rio da Defesa, ele foi indicado por portaria como assessor (n\u00e3o remunerado) do Ministro Jobin e, posteriormente, assessorou os presidentes Lula e Dilma sobre o programa nuclear.<\/p><p>O Almirante Othon <strong>teve influ\u00eancia na inclus\u00e3o da tecnologia nuclear como prioridade na Pol\u00edtica de Defesa <\/strong>como tamb\u00e9m na determina\u00e7\u00e3o da n\u00e3o aceita\u00e7\u00e3o de novas restri\u00e7\u00f5es nas atividades nucleares e isso inclui a <strong>n\u00e3o assinatura do Protocolo Adicional ao Acordo de Salvaguardas com a AIEA.<\/strong> Tamb\u00e9m estava empenhado em eliminar gargalos para o desenvolvimento nuclear como na solu\u00e7\u00e3o de \u201cm\u00e9dio-longo\u201d prazo de rejeitos radioativos e na estrutura para manter ativa a capacita\u00e7\u00e3o da m\u00e3o de obra especializada na \u00e1rea. Muitas destas suas iniciativas contrariavam diretamente poderosos interesses internacionais e <strong>podem justificar a curiosa e r\u00e1pida inclus\u00e3o de seu nome, como foco de interrogat\u00f3rios, em um inqu\u00e9rito que visava a corrup\u00e7\u00e3o na Petrobras<\/strong>.<\/p><p>Quando ele foi detido escrevi que estava sendo preso um her\u00f3i nacional. N\u00e3o tenho condi\u00e7\u00e3o de fazer um julgamento sobre suas atitudes nas quais ele mesmo reconhece falhas de procedimento. O que n\u00e3o se pode ignorar \u00e9 a possibilidade de interesses externos haverem influ\u00eddo na den\u00fancia j\u00e1 que parece estar estabelecido que houve, em muitos casos, coopera\u00e7\u00e3o informal do exterior para a formula\u00e7\u00e3o das den\u00fancias. Ele mesmo tem apontado v\u00e1rios ind\u00edcios que justificam sua suspeita da atua\u00e7\u00e3o de agentes estadunidenses no processo contra ele. Deve-se assinalar que irregularidades nos processos da Lava Jato levaram o Conselho Nacional de Justi\u00e7a a afastar temporariamente, o Juiz Bretas que o condenou. (Anexo 2).<\/p><p><strong><a name=\"_Toc169124597\"><\/a><em>O Necess\u00e1rio Resgate do Almirante Othon<\/em><\/strong><\/p><p>Em considera\u00e7\u00e3o aos muito relevantes servi\u00e7os do Engenheiro Othon \u00e0 tecnologia nuclear cujo unanime reconhecimento da comunidade tecno e cient\u00edfica \u00e9 admitido na pr\u00f3pria senten\u00e7a que o condenou e sem preju\u00edzo de sua prov\u00e1vel absolvi\u00e7\u00e3o nas inst\u00e2ncias superiores, considerando o per\u00edodo de pena j\u00e1 cumprido e sua avan\u00e7ada idade (85 anos) um grupo de pesquisadores, t\u00e9cnicos e autoridades da \u00e1rea est\u00e1 propondo que seja concedido ao Almirante Othon Pinheiro da Silva, em virtude dos numerosos servi\u00e7os prestados \u00e0 P\u00e1tria que mudou o <em>status<\/em> do Brasil no Mundo, a extin\u00e7\u00e3o da pena e a anula\u00e7\u00e3o dos processos ainda em curso pelo Supremo Tribunal Federal, a exemplo do que ocorreu com o ex-deputado Jos\u00e9 Dirceu \u00a0ou at\u00e9 mesmo um indulto presidencial.<\/p><p><strong>Anexo 1:<\/strong><\/p><p><strong>Energia afluente nas diversas regi\u00f5es que comp\u00f5em o Sistema Integrado Nacional em rela\u00e7\u00e3o ao m\u00eas de maior aflu\u00eancia.<\/strong><\/p><p><img loading=\"lazy\" class=\"aligncenter size-full wp-image-5613\" src=\"https:\/\/ecen.com.br\/wp-content\/uploads\/2024\/06\/ciclos.png\" alt=\"\" width=\"640\" height=\"434\" data-wp-pid=\"5613\" data-pin-nopin=\"nopin\" srcset=\"https:\/\/ecen.com.br\/wp-content\/uploads\/2024\/06\/ciclos.png 640w, https:\/\/ecen.com.br\/wp-content\/uploads\/2024\/06\/ciclos-300x203.png 300w, https:\/\/ecen.com.br\/wp-content\/uploads\/2024\/06\/ciclos-600x407.png 600w\" sizes=\"(max-width: 640px) 100vw, 640px\" \/><\/p><p>Figura A1.1: Aflu\u00eancia nas diversas regi\u00f5es que integram o SIN, mostrando que a Regi\u00e3o Norte \u00e9 que apresenta a esta\u00e7\u00e3o seca de maior dura\u00e7\u00e3o e onde, durante 5 a 6 meses do ano a energia afluente \u00e9 apenas 10% da m\u00e1xima.<\/p><p><strong>Anexo 2 \u00a0<\/strong><\/p><p><strong>CNJ decide afastar Marcelo Bretas, juiz da Lava Jato no Rio de Janeiro<\/strong><\/p><p>A abertura de um processo administrativo foi decidida por unanimidade pelo Conselho para investigar suspeita de parcialidade na condu\u00e7\u00e3o da Opera\u00e7\u00e3o Lava Jato<\/p><p><strong>CNN <\/strong>28\/02\/2023 \u00e0s 16:40 | Atualizado 28\/02\/2023 \u00e0s 17:35<\/p><p>https:\/\/www.cnnbrasil.com.br\/politica\/cnj-decide-afastar-marcelo-bretas-juiz-da-lava-jato-no-rio-dejaneiro\/#:~:text=O%20juiz%20federal%20Marcelo%20Bretas,%C3%A2ncora%20da%20CNN%20Daniela%20Lima<\/p><p>Irregularidades relacionados a inqu\u00e9ritos conduzidos pelo Juiz Bretas o levaram ao seu afastamento pelo Conselho Nacional de Justi\u00e7a \u2013 CNJ, em processo administrativo foi aberto por uma decis\u00e3o un\u00e2nime do Conselho para apurar se Bretas tinha excessiva proximidade com a ala pol\u00edtica do Rio de Janeiro, incluindo pol\u00edticos pr\u00f3ximos ao ex-presidente Jair Bolsonaro (PL). Ele \u00e9 suspeito de parcialidade na condu\u00e7\u00e3o da Opera\u00e7\u00e3o Lava Jato no estado. Seu afastamento do cargo de juiz foi decidido por 11 votos a quatro.<\/p><p>A representa\u00e7\u00e3o que levou \u00e0 abertura do processo administrativo pelo CNJ foi feita por advogados do Conselho Federal da Ordem dos Advogados do Brasil (OAB), e se baseia em uma reportagem da revista Veja que traz uma s\u00e9rie de suspeitas sobre a rela\u00e7\u00e3o de Marcelo Bretas com os procuradores da Lava Jato no Rio de Janeiro. &#8220;Ele \u00e9 acusado, inclusive, de negociar dela\u00e7\u00f5es premiadas mesmo sendo juiz.&#8221; (\u201cCNJ decide afastar Marcelo Bretas, juiz da Lava Jato no Rio de Janeiro\u201d)<\/p><p><a href=\"#sumario\">Voltar ao Sum\u00e1rio<\/a><\/p><p>___________________________________<\/p><p><span style=\"color: #0000ff;\"><a style=\"color: #0000ff;\" href=\"#sumario\">Sum\u00e1rio<\/a><\/span><\/p><p><em>Editorial: <\/em><a href=\"#_Toc169124588\"><strong>Othon Pinheiro da Silva<\/strong>. <\/a><\/p><p><a href=\"#_Toc169124589\"><em>Introdu\u00e7\u00e3o a este n\u00famero:<\/em> \u00a0<\/a><a href=\"#_Toc169124590\"><strong>Her\u00f3is e Santos<\/strong><\/a><\/p><p>Artigo:\u00a0<a href=\"#_Toc169124591\"><strong>Estudo sobre a Matriz El\u00e9trica\u00a0 e a Retomada de Angra 3\u00a0<\/strong><\/a><\/p><p>Depoimento \u00e0 Justi\u00e7a:\u00a0<a href=\"#_Toc169124599\"><strong>Depoimento de Jos\u00e9 Israel Vargas\u00a0 sobre Othon Pinheiro da Silva<\/strong> \u00a0<\/a><\/p><p>Relato de Othon \u00e0 E&amp;E em maio de 2014:\u00a0<a href=\"#_Toc169124601\"><strong>Os Caminhos para conseguir o A\u00e7o Maraging<\/strong>.<\/a><\/p><p>Artigo publicado por ocasi\u00e3o da <em>pris\u00e3o<\/em> do Almirante Othon:\u00a0<a href=\"#_Toc169124603\"><strong>A Pris\u00e3o de um Her\u00f3i Nacional<\/strong>\u00a0<\/a><\/p><p><a href=\"#sumario\">voltar<\/a><\/p><p>_____________________________<\/p><p><span style=\"color: #0000ff;\"><a style=\"color: #0000ff;\" name=\"_Toc169124598\"><\/a>Depoimento \u00e0 Justi\u00e7a:<\/span><\/p><h1><a name=\"_Toc169124599\"><\/a><strong>Depoimento de Jos\u00e9 Israel Vargas<br \/>sobre Othon Pinheiro da Silva<\/strong><\/h1><p>Jos\u00e9 Israel Vargas, &#8230;, declara \u00e0 Justi\u00e7a Federal o seguinte:<\/p><ol><li>Conheci o Almirante Othon Luiz Pinheiro da Silva em 1973 ou 1974, apresentado pelo f\u00edsico Marcello Damy de Souza Santos, professor da Universidade de S\u00e3o Paulo. Eu, na \u00e9poca, era membro do Conselho Deliberativo do Conselho Nacional de Pesquisas e o Almirante Othon Pinheiro da Silva, ent\u00e3o jovem oficial da Marinha, coordenava no Instituto de Pesquisa em Energia Nuclear (IPEN) um projeto de interesse do programa nuclear brasileiro, em coopera\u00e7\u00e3o com pesquisadores da Universidade de S\u00e3o Paulo, \u00e0 qual pertencia o IPEN. As rela\u00e7\u00f5es pessoais que mantive com ele desenvolveram-se em contatos sobre quest\u00f5es e tarefas de interesse do referido programa nuclear, sendo necess\u00e1rios os esclarecimentos que apresento a seguir.<\/li><li>At\u00e9 1964, a pol\u00edtica nuclear brasileira adotara como diretriz b\u00e1sica a independ\u00eancia de nosso pa\u00eds nessa \u00e1rea, o que s\u00f3 poderia ser alcan\u00e7ado pelo uso do ur\u00e2nio natural nos reatores nucleares que viessem a ser constru\u00eddos. Contrariamente a essa pol\u00edtica, foi adquirido posteriormente pelo governo federal um reator de pot\u00eancia, mais tarde designado como Angra I, fabricado pela empresa norte-americana Westinghouse, que utilizava como combust\u00edvel nuclear o ur\u00e2nio enriquecido com o is\u00f3topo 235. O funcionamento de Angra I dependia criticamente do fornecimento desse ur\u00e2nio enriquecido, material estrat\u00e9gico produzido por tecnologia dominada apenas pelo governo norte-americano. Logo que o Presidente Geisel assumiu o governo, os Estados Unidos passaram a pressionar nosso Pa\u00eds e o presidente Carter proibiu o fornecimento do ur\u00e2nio requerido por Angra I. Em face disso, o governo brasileiro assinou acordo com a Rep\u00fablica Federal da Alemanha visando o desenvolvimento de programa nuclear conjunto, que inclu\u00eda a associa\u00e7\u00e3o em empresas mistas e a transfer\u00eancia completa da tecnologia nuclear, abrangendo o enriquecimento do ur\u00e2nio.<\/li><li>A tecnologia de enriquecimento do ur\u00e2nio necess\u00e1rio a Angra I era de propriedade da empresa URENCO, mantida por acordo tripartite da Alemanha Federal, Inglaterra e Holanda. A situa\u00e7\u00e3o cr\u00edtica criada com o embargo norte-americano foi vencida com a fabrica\u00e7\u00e3o, pela empresa KWU, ramo nuclear da ind\u00fastria Siemens, dos elementos combust\u00edveis apropriados tanto a Angra I quanto a Angra II, este \u00faltimo sendo um reator decorrente do Acordo Teuto-Brasileiro. Nosso governo, todavia, foi surpreendido pelo veto dos s\u00f3cios da Alemanha Federal na empresa URENCO \u00e0 transfer\u00eancia da tecnologia prevista no acordo de 1975, o que representou grave amea\u00e7a ao prosseguimento do nosso programa nuclear.<\/li><li>Felizmente havia na Marinha brasileira e na Universidade de S\u00e3o Paulo pesquisadores e t\u00e9cnicos altamente competentes na \u00e1rea nuclear. Em nossa Marinha os trabalhos nessa \u00e1rea, altamente estrat\u00e9gicos para nosso Pa\u00eds, eram liderados pelo ent\u00e3o jovem oficial Othon Pinheiro da Silva, formado num dos mais importantes centros de pesquisa cient\u00edfica mundial, o Instituto de Tecnologia de Massachussets (MIT), nos Estados Unidos.<\/li><li>Criada no Senado uma Comiss\u00e3o Parlamentar de Inqu\u00e9rito sobre o programa nuclear brasileiro, fui convidado a prestar depoimento, o mesmo tendo acontecido com o Dr. Othon Pinheiro da Silva e foi nas sess\u00f5es da referida Comiss\u00e3o Parlamentar que tive oportunidade de manter contatos pessoais com esse oficial. Posteriormente esses contatos tornaram-se mais estreitos em virtude dos trabalhos da Comiss\u00e3o de Avalia\u00e7\u00e3o do Programa Nuclear Brasileiro, criada pelo decreto 91.606, assinado em 2 de setembro de 1985 pelo Presidente Jos\u00e9 Sarney. Essa Comiss\u00e3o foi por mim presidida e era integrada por expressivas lideran\u00e7as cient\u00edficas e empresariais de nosso Pa\u00eds. O Relat\u00f3rio dos trabalhos dessa Comiss\u00e3o de Avalia\u00e7\u00e3o foi considerado secreto pelo Conselho de Seguran\u00e7a Nacional, provavelmente porque uma de suas recomenda\u00e7\u00f5es era o estabelecimento de inspe\u00e7\u00e3o m\u00fatua das atividades nucleares do Brasil e da Argentina, auspiciosamente implementado. Por esse motivo o citado Relat\u00f3rio s\u00f3 foi publicado em 20 de dezembro de 1990 pela Academia Brasileira de Ci\u00eancias, gra\u00e7as \u00e0 autoriza\u00e7\u00e3o do ent\u00e3o Presidente da Rep\u00fablica.<\/li><li>O projeto liderado pelo Dr. Othon Pinheiro da Silva na Marinha, em associa\u00e7\u00e3o com pesquisadores da Universidade de S\u00e3o Paulo, iniciou-se no final da d\u00e9cada de 1970. Ele foi considerado altamente relevante pela Comiss\u00e3o de Avalia\u00e7\u00e3o do Programa Nacional de Energia At\u00f4mica, criada por Decreto Presidencial de 02 de setembro de 1985, que comprovou seu sucesso. Tratava-se de obter, por tecnologia de ultracentrifuga\u00e7\u00e3o, o enriquecimento isot\u00f3pico do ur\u00e2nio requerido n\u00e3o s\u00f3 pelas centrais nucleares Angra I e Angra II, mas tamb\u00e9m por qualquer reator refrigerado por \u00e1gua leve. Como antes afirmei, o ciclo de combust\u00edvel constitui a alma de qualquer programa nuclear, o que exigia de nossa parte todo empenho no desenvolvimento aut\u00f4nomo dessa tecnologia de ponta. O \u00eaxito do referido projeto de enriquecimento foi amplamente reconhecido, inclusive internacionalmente. O valor dessa conquista pode ser avaliado pelas correntes negocia\u00e7\u00f5es em curso entre quatro pot\u00eancias ocidentais \u2013 Estados Unidos, Alemanha, China e R\u00fassia com o Ir\u00e3. Este pa\u00eds vem sendo altamente afetado, inclusive em sua economia, objeto de san\u00e7\u00f5es pelas referidas na\u00e7\u00f5es.<\/li><li>Trata-se, portanto, de tecnologia de alto valor estrat\u00e9gico e econ\u00f4mico que o Almirante Othon manteve patrioticamente em sigilo, inclusive em obedi\u00eancia \u00e0 pol\u00edtica nuclear pac\u00edfica expressa em nossa Constitui\u00e7\u00e3o. Esta realiza\u00e7\u00e3o constitui uma conquista maior da tecnologia brasileira, e permitir\u00e1, uma vez retomado nosso programa nuclear, a almejada independ\u00eancia nacional no que concerne ao ciclo de combust\u00edvel.<\/li><li>Em reconhecimento da valiosa realiza\u00e7\u00e3o t\u00e9cnico-cient\u00edfica do Dr. Othon Luiz Pinheiro da Silva, eu, em virtude de conhecimento adquirido na Comiss\u00e3o de Avalia\u00e7\u00e3o do Programa Nuclear brasileiro e na condi\u00e7\u00e3o de Ministro da Ci\u00eancia e Tecnologia, em 1994 indiquei o seu nome \u00e0 Comiss\u00e3o de F\u00edsica da Academia Brasileira de Ci\u00eancias (em obedi\u00eancia ao estatuto da Ordem Nacional do M\u00e9rito Cient\u00edfico), para concess\u00e3o da comenda da ordem Nacional do M\u00e9rito Cient\u00edfico, o que foi acolhido e levado ao Presidente da Rep\u00fablica. Tal sugest\u00e3o foi aceita por decreto presidencial que concedeu ao Dr. Othon a Comenda da Gr\u00e3-Cruz da Ordem Nacional do M\u00e9rito Cient\u00edfico, manifestando o reconhecimento do governo brasileiro pelo talvez maior desenvolvimento estrat\u00e9gico alcan\u00e7ado pela ci\u00eancia nacional.<\/li><\/ol><p>Belo Horizonte, 27 de setembro de 2015.<\/p><p>Jos\u00e9 Israel Vargas<\/p><p><a href=\"#sumario\">Voltar ao Sum\u00e1rio<\/a><\/p><p>___________________________________<\/p><p><span style=\"color: #0000ff;\"><a style=\"color: #0000ff;\" href=\"#sumario\">Sum\u00e1rio<\/a><\/span><\/p><p><em>Editorial: <\/em><a href=\"#_Toc169124588\"><strong>Othon Pinheiro da Silva<\/strong>. <\/a><\/p><p><a href=\"#_Toc169124589\"><em>Introdu\u00e7\u00e3o a este n\u00famero:<\/em> \u00a0<\/a><a href=\"#_Toc169124590\"><strong>Her\u00f3is e Santos<\/strong><\/a><\/p><p>Artigo:\u00a0<a href=\"#_Toc169124591\"><strong>Estudo sobre a Matriz El\u00e9trica\u00a0 e a Retomada de Angra 3\u00a0<\/strong><\/a><\/p><p>Depoimento \u00e0 Justi\u00e7a:\u00a0<a href=\"#_Toc169124599\"><strong>Depoimento de Jos\u00e9 Israel Vargas\u00a0 sobre Othon Pinheiro da Silva<\/strong> \u00a0<\/a><\/p><p>Relato de Othon \u00e0 E&amp;E em maio de 2014:\u00a0<a href=\"#_Toc169124601\"><strong>Os Caminhos para conseguir o A\u00e7o Maraging<\/strong>.<\/a><\/p><p>Artigo publicado por ocasi\u00e3o da <em>pris\u00e3o<\/em> do Almirante Othon:\u00a0<a href=\"#_Toc169124603\"><strong>A Pris\u00e3o de um Her\u00f3i Nacional<\/strong>\u00a0<\/a><\/p><p><a href=\"#sumario\">voltar<\/a><\/p><p>_____________________________<\/p><p><a name=\"_Toc169124600\"><\/a><span style=\"color: #0000ff;\">Relato de Othon \u00e0 E&amp;E em maio de 2014:<\/span><\/p><h1><a name=\"_Toc169124601\"><\/a><strong>Os Caminhos para conseguir o A\u00e7o Maraging<\/strong><\/h1><p>Othon Pinheiro da Silva<\/p><p><strong>Relato do Almirante Othon sobre como eram tratadas as posi\u00e7\u00f5es pol\u00edticas dos cientistas do Programa da Marinha e do caminho \u201cn\u00e3o heterodoxo\u201d necess\u00e1rio para obter equipamentos para fabricar o a\u00e7o e usinar as primeiras ultracentr\u00edfugas feitas no Brasil.<\/strong><\/p><p>No Programa Nuclear da Marinha ningu\u00e9m deixou de ser contratado ou foi afastado por convic\u00e7\u00f5es pol\u00edticas!! S\u00f3 n\u00e3o era admitido tratar de pol\u00edtica em ambiente de trabalho. O Almirante Maximiano pessoalmente autorizou que eu procedesse desta forma quando argumentei que todos os jovens estudantes que compareceram ao. Congresso de Ibi\u00fana haviam sido fichados como comunistas.<\/p><p>Naquela \u00e9poca n\u00e3o havia inform\u00e1tica e de tempos em tempos aparecia um representante do SNI ou CENIMAR (Servi\u00e7o de Informa\u00e7\u00f5es da Marinha) com um informe sobre um funcion\u00e1rio. Teoricamente o funcion\u00e1rio deveria ser afastado. Ningu\u00e9m foi afastado, nem um que havia morado em Cuba e seu &#8220;informe&#8221; era um panfleto encadernado. O meu procedimento era: chamar o funcion\u00e1rio mostrar a capa do relat\u00f3rio sem mostrar o teor avisando que existia o &#8221; informe &#8221; mas que enquanto ele n\u00e3o pusesse pol\u00edtica no ambiente de trabalho ele estaria em um tranquilo e em um firme emprego pois trabalhava em um &#8220;projeto de Estado&#8221; e n\u00e3o do Governo de Plant\u00e3o. O informe era colocado em envelope numerado lacrado e arquivado em um arquivo localizado na sala cofre. No topo do arquivo havia uma plaqueta escrito &#8220;AUTORIDADES\u201d. Quando um Agente de Seguran\u00e7a, ao me mostrar o relat\u00f3rio, ousava me perguntar que provid\u00eancia eu tomaria eu sempre respondia &#8220;vou encaminhar para autoridades&#8221;. Acredito que este procedimento muito contribuiu para os resultados alcan\u00e7ados! Os Professores Universit\u00e1rios orientadores t\u00e9cnicos apenas assinavam um &#8220;termo de acesso a assuntos sigilosos&#8221; antes de iniciar o seu trabalho. O Almirante Maximiano pessoalmente autorizou que eu adotasse esse procedimento nada convencional para aqueles momentos que viv\u00edamos! Vai haver muito tempo para aparecer um Almirante como o Almirante Maximiano da Fonseca!!<\/p><p>Todos que trabalharam no programa assinaram o &#8220;termo de acesso a assuntos sigilosos e compromisso de confidencialidade&#8221;! Por incr\u00edvel que possa parecer os cilindros rotativos de casca muito fina das tr\u00eas primeiras ultracentr\u00edfugas que enriqueceram ur\u00e2nio foram USINADOS em uma broqueadora da Oficina de M\u00e1quinas do Arsenal de Marinha \u00e0 revelia do Almirante que era Comandante da Unidade, (que ao saber que havia um programa nuclear achou rid\u00edculo) pois estava pr\u00f3ximo de se aposentar e fora convidado para ser um dia Diretor da NUCLEI (empresa do grupo Nuclebr\u00e1s que cuidava do enriquecimento). \u00c9 muito dif\u00edcil fabricar um cilindro de casca fina por usinagem em uma m\u00e1quina convencional: tive a fundamental ajuda do Mestre Pedro Cacha\u00e7a (apelido injusto inspirado por sua cara) que era meu amigo desde que eu havia sido chefe daquela Oficina antes de cursar Engenharia Nuclear. O material utilizado foi <em>Maraging<\/em> importado da \u00c1ustria pela Divis\u00e3o de Estudos Avan\u00e7ados do CTA pelo meu amigo saudoso grande cientista Coronel Amarante que tentava enriquecer ur\u00e2nio com laser. Para as trinta ultracentr\u00edfugas seguintes (17) usadas na primeira mini cascata utilizamos cilindros fabricados em m\u00e1quinas de &#8221; <em>flow forming<\/em>&#8221; da AVIBRAS que eram muito caros e exigiam muito trabalho de balanceamento. Logo que conseguimos importamos a m\u00e1quina adequada de &#8220;<em>back flow formin<\/em>g&#8221;. A m\u00e1quina foi importada em partes e assim faturada para burlar o fino controle da &#8220;<em>trigger list<\/em>&#8221; da AIEA. As 49 m\u00e1quinas da Pequena Usina Escola de Enriquecimento de Ur\u00e2nio da inaugura\u00e7\u00e3o de ARAMAR com as presen\u00e7as dos Presidentes Sarney e Alfonsin usavam cilindros adequados fabricados em ARAMAR com a m\u00e1quina de &#8220;<em>back flow forming<\/em>&#8221; que conseguimos importar.<\/p><p>Os mestres e oper\u00e1rios do Arsenal de Marinha assinavam com muito orgulho o termo de acesso a assuntos sigilosos!!!<\/p><p>Posteriormente a Eletro Etal, em Campinas, passou a produzir <em>Maraging<\/em> (liga ferro tit\u00e2nio) com ajuda do Grupo de Engenharia de Materiais formado pelo saudoso Professor S\u00e9rgio Mascarenhas na Federal de Engenharia de S\u00e3o Carlos. Mesmo evoluindo para cilindros de fibra de carbono usando resina resistente a fl\u00faor, as ultracentr\u00edfugas usam algumas pe\u00e7as de <em>Maraging,<\/em> liga muito sofisticada!!<\/p><p><strong>Nota do editor<\/strong>: A inclus\u00e3o deste depoimento, via WhatsApp, neste n\u00famero, tem v\u00e1rias raz\u00f5es. O epis\u00f3dio ilustra bem os dif\u00edceis caminhos percorridos para adquirir a tecnologia de enriquecimento que enfrenta, al\u00e9m do segredo tecnol\u00f3gico do processo em si, restri\u00e7\u00f5es externas para aquisi\u00e7\u00e3o de materiais especiais e equipamentos que integram uma lista nuclear (<em>trigger list<\/em>) e outra de uso dual (militar e civil) com restri\u00e7\u00f5es para exporta\u00e7\u00f5es que n\u00e3o s\u00f3 tomam por base essa lista, como tamb\u00e9m consideram a classifica\u00e7\u00e3o do pa\u00eds destinat\u00e1rio pelo antigo \u201cClube de Londres\u201d, hoje conhecido por NSG<a href=\"#_ftn12\" name=\"_ftnref12\">[12]<\/a>. Essas restri\u00e7\u00f5es \u00e0 importa\u00e7\u00e3o, na pr\u00e1tica, s\u00e3o suspensas quando o pa\u00eds demonstra capacidade pr\u00f3pria e, por sua vez, passa a participar desse mesmo mecanismo, dessa vez, para exportar. Outro ponto, \u00e9 a refer\u00eancia ao tenente coronel que morreu de leucemia fulminante logo ap\u00f3s visita aos EUA<a href=\"#_ftn13\" name=\"_ftnref13\">[13]<\/a> em circunst\u00e2ncias em que a fam\u00edlia atribui a envenenamento por fonte radioativa\u00a0(Filho, 2021). Outra raz\u00e3o de inclus\u00e3o desse relato, tem a ver com o papel do Almirante de Esquadra Maximiano, que apoiou fortemente o Programa da Marinha que possibilitou que o Brasil alcan\u00e7asse autonomia para enriquecer o ur\u00e2nio. Al\u00e9m disso, ele teve outras a\u00e7\u00f5es importantes na \u00e1rea de Ci\u00eancia e Tecnologia que o levaram a receber o t\u00edtulo de Doutor Honoris Causa da FURG.<\/p><p>Fa\u00e7o aqui um par\u00eantese para dizer que esta honraria foi agora cancelada pelo Conselho da Universidade Federal do Rio Grande em abril de 2024, <strong>ato que, na minha opini\u00e3o, deveria ser revisto<\/strong>.<\/p><p>O epis\u00f3dio ilustra a posi\u00e7\u00e3o pol\u00edtica do Almirante Maximiano apoiador de abertura pol\u00edtica do Governo Figueiredo e que renunciou ao cargo por apoiar a elei\u00e7\u00e3o direta para Presidente da Rep\u00fablica. Finalmente o Almirante Othon deixa perceber as manobras \u201cheterodoxas\u2019 que era necess\u00e1rio utilizar para fazer as aquisi\u00e7\u00f5es de equipamentos que seriam barrados na origem se fossem importados pela Marinha. Tais manobras, s\u00e3o indispens\u00e1veis para contornar a depend\u00eancia tecnol\u00f3gica; que nos \u00e9 imposta e dependem de triangula\u00e7\u00f5es. O Almirante Othon me contou h\u00e1 tempos que ele, mesmo manejando contas e fundos secretos, fez quest\u00e3o de manter o registro do destino dos recursos vultosos que movimentou. Isto foi muito \u00fatil na auditoria<\/p><p>interna que a pr\u00f3pria Marinha instalou, posteriormente a sua sa\u00edda do projeto do submarino nuclear em 1994. O mesmo cuidado de registro das movimenta\u00e7\u00f5es que ele adotou, posteriormente, no manejo dos poucos milh\u00f5es (cerca de 4) de pagamentos recebidos, de forma indireta, por sua empresa Aratec. Na pr\u00f3pria senten\u00e7a s\u00e3o mencionadas as perdas em comiss\u00f5es e impostos que isso acarretou. Este procedimento n\u00e3o \u00e9 regular, como reconhece o Almirante Othon, em suma, a maneira sua defesa aponta que o montante faz parte do trabalho, realizado anteriormente a sua nomea\u00e7\u00e3o para a Eletronuclear, junto aos tomadores de decis\u00e3o visando aprovar a retomada de Angra 3 e apoio ao desenvolvimento de gerador de eletricidade com tecnologia de ponta, patenteado e testado pelo almirante.<\/p><p><strong>Refer\u00eancias<\/strong><\/p><p>Borges, R. (07 de novembro de 2017). <em>Militar condenado na Lava Jato diz que foi preso por interesse internacional.<\/em> (\u201cMilitar condenado na Lava Jato diz que foi preso por interesse &#8230;\u201d) Fonte: Folha de S\u00e3o Paulo: http:\/\/tools.folha.com.br\/print?site=emcimadahora&amp;url=http:\/\/www1.folha.uol.com.br\/poder\/2017\/11\/1933381-militar-condenado-na-lava-jato-diz-que-foi-preso-por-interesse-internacional.shtml<\/p><p>Carlos Feu Alvim et alii (abril de 2005). <em>Um \u201cPorto de Destino\u201d para o Sistema El\u00e9trico Brasileiro:.<\/em> Fonte: Economia e Energia No 49.<\/p><p>Filho, J. R. (julho\/dezembro de 2021). O Projeto do Submarino Nuclear Brasileiro. <em>Contexto Internacional<\/em>, pp. 277-316.<\/p><p>___________________________________<\/p><p><span style=\"color: #0000ff;\"><a style=\"color: #0000ff;\" href=\"#sumario\">Sum\u00e1rio<\/a><\/span><\/p><p><em>Editorial: <\/em><a href=\"#_Toc169124588\"><strong>Othon Pinheiro da Silva<\/strong>. <\/a><\/p><p><a href=\"#_Toc169124589\"><em>Introdu\u00e7\u00e3o a este n\u00famero:<\/em> \u00a0<\/a><a href=\"#_Toc169124590\"><strong>Her\u00f3is e Santos<\/strong><\/a><\/p><p>Artigo:\u00a0<a href=\"#_Toc169124591\"><strong>Estudo sobre a Matriz El\u00e9trica\u00a0 e a Retomada de Angra 3\u00a0<\/strong><\/a><\/p><p>Depoimento \u00e0 Justi\u00e7a:\u00a0<a href=\"#_Toc169124599\"><strong>Depoimento de Jos\u00e9 Israel Vargas\u00a0 sobre Othon Pinheiro da Silva<\/strong> \u00a0<\/a><\/p><p>Relato de Othon \u00e0 E&amp;E em maio de 2014:\u00a0<a href=\"#_Toc169124601\"><strong>Os Caminhos para conseguir o A\u00e7o Maraging<\/strong>.<\/a><\/p><p>Artigo publicado por ocasi\u00e3o da <em>pris\u00e3o<\/em> do Almirante Othon:\u00a0<a href=\"#_Toc169124603\"><strong>A Pris\u00e3o de um Her\u00f3i Nacional<\/strong>\u00a0<\/a><\/p><p><a href=\"#sumario\">voltar<\/a><\/p><p>___________________________________<\/p><p><a name=\"_Toc169124602\"><\/a><span style=\"color: #0000ff;\">Artigo publicado por ocasi\u00e3o da <em>pris\u00e3o<\/em> do Almirante Othon<\/span>:<a href=\"#_ftn14\" name=\"_ftnref14\">[14]<\/a><\/p><h1><a name=\"_Toc169124603\"><\/a><strong>A Pris\u00e3o de um Her\u00f3i Nacional<\/strong><\/h1><p>\u201co que o Almirante Othon j\u00e1 fez pelo Pa\u00eds merecia das autoridades judiciais e policiais um pouco mais de respeito\u201d Carlos Feu Alvim<\/p><p>O Vice-almirante e Engenheiro Othon Luiz Pinheiro da Silva \u00e9 o respons\u00e1vel pelas maiores conquistas hist\u00f3ricas na \u00e1rea da tecnologia nuclear no Brasil. Deve-se a ele a concep\u00e7\u00e3o do programa do submarino nuclear brasileiro e a conquista da independ\u00eancia na tecnologia do ciclo de combust\u00edvel que colocou o Pa\u00eds em posi\u00e7\u00e3o de vanguarda na \u00e1rea. Para realizar esta fa\u00e7anha em um espa\u00e7o de uma d\u00e9cada ele foi capaz de reunir o que melhor havia da intelig\u00eancia, capacidade laboratorial e industrial no Pa\u00eds.<\/p><p>Em uma \u00e9poca de transi\u00e7\u00e3o entre o Regime Militar e a Democracia (Governos Figueiredo e Sarney principalmente), o Programa da Marinha, com a principal coopera\u00e7\u00e3o do IPEN e USP, conseguiu transformar em realidade projetos do ciclo de combust\u00edvel que, de outra forma, estariam restritos \u00e0 fase laboratorial. Na parte mais cr\u00edtica do ciclo, o enriquecimento do ur\u00e2nio, o programa partiu do zero e, em poucos anos, j\u00e1 podia apresentar resultados concretos.<\/p><p>Na \u00e1rea de reatores, foi constru\u00eddo o primeiro reator inteiramente concebido e constru\u00eddo no Pa\u00eds. Esta montagem, de pot\u00eancia pr\u00f3xima a zero, serve para testar conceitos e c\u00f3digos para o projeto de um reator naval. Esse reator experimental foi o primeiro concebido e constru\u00eddo no Brasil, juntamente com todos os equipamentos auxiliares e continua em opera\u00e7\u00e3o.<\/p><p>O programa da Marinha, nascido no que se convencionou chamar de programa paralelo, tinha fins l\u00edcitos dentro dos compromissos internacionais firmados pelo Brasil e que se mantiverem l\u00edcitos dentro de todos os acordos posteriormente assinados pelo Pa\u00eds.<\/p><p>O Programa passou pelo crivo de in\u00fameras avalia\u00e7\u00f5es no n\u00edvel do Congresso Nacional, no do Executivo, e de uma Comiss\u00e3o Independente liderada pelo Prof. Israel Vargas. Todas atestaram a excel\u00eancia t\u00e9cnica e a conveni\u00eancia pol\u00edtica do esfor\u00e7o realizado. Em duas delas eu participei diretamente da avalia\u00e7\u00e3o t\u00e9cnica e sou testemunha do respeito e admira\u00e7\u00e3o que o trabalho realizado mereceu.<\/p><p>O programa, como \u00e9 natural, provocou inquieta\u00e7\u00f5es externas da chamada \u201cComunidade Internacional\u201d e, por acordo entre os Governos do Brasil e Argentina, todas atividades envolvendo materiais nucleares passaram a ser controladas para que suas finalidades fossem apenas pac\u00edficas. Foi criada uma ag\u00eancia binacional, a Ag\u00eancia Brasileiro-Argentina de Contabilidade e Controle &#8211; ABACC da qual fui o primeiro secret\u00e1rio brasileiro. Logo em seguida, foi estabelecido um acordo com a Ag\u00eancia Internacional de Energia At\u00f4mica \u2013 AIEA da ONU que tamb\u00e9m passou a fiscalizar as atividades no Brasil e Argentina, inclusive o projeto da Marinha<\/p><p>Mesmo assegurados os fins pac\u00edficos do projeto, ele continuou a contar com obje\u00e7\u00f5es dos que querem limitar o acesso de outros pa\u00edses ao conhecimento nuclear. Tamb\u00e9m existem inimigos internos do projeto que contam, muitas vezes, com apoio externo. N\u00e3o \u00e9 a primeira vez que o Vice-almirante Othon \u00e9 objeto de obje\u00e7\u00f5es. Logo ap\u00f3s seu afastamento do comando do centro nuclear de ARAMAR ele enfrentou um ciclo de persegui\u00e7\u00f5es que incluiu averigua\u00e7\u00f5es contra o Almirante Othon sobre o uso das verbas secretas. Tudo foi rigorosamente revirado e, apesar do vis\u00edvel interesse dos inquiridores, nada foi provado contra a dire\u00e7\u00e3o do projeto. Paralelamente, houve um processo de redu\u00e7\u00e3o do esfor\u00e7o no programa de submarino e de dispers\u00e3o da equipe e das parcerias constru\u00eddas com as institui\u00e7\u00f5es de pesquisa civis\u00a0(Martins Filho, 2014).<a href=\"#_ftn15\" name=\"_ftnref15\">[15]<\/a><\/p><p>Afastado de suas atividades na Marinha, o engenheiro Othon tratou de aplicar os conhecimentos t\u00e9cnicos que ele reunira em novos projetos como o de uma revolucion\u00e1ria mini hidroel\u00e9trica e alguns de instrumenta\u00e7\u00e3o e controle desenvolvidos em parceria com empresas estrangeiras e nacionais e com a participa\u00e7\u00e3o de alguns dos brilhantes t\u00e9cnicos evadidos do programa da Marinha.<\/p><p>Agentes do Governo Americano sabiam do valor de seus conhecimentos e o interesse que eles despertavam em pa\u00edses onde temiam que houvesse prolifera\u00e7\u00e3o nuclear. Fizeram chegar esta preocupa\u00e7\u00e3o a autoridades brasileiras que trataram de eliminar restri\u00e7\u00f5es a sua participa\u00e7\u00e3o em projetos governamentais. A preocupa\u00e7\u00e3o era in\u00fatil como sabem o que conhecem o patriotismo de Almirante Othon, mas acabou lhe rendendo alguns projetos interessantes.<\/p><p>Vencidas todas as obje\u00e7\u00f5es, absolutamente isento de culpa, o Engenheiro Othon acabou sendo indicado para fazer renascer o projeto de Angra 3 e nomeado Diretor Presidente da Eletronuclear. Paralelamente, teve importante participa\u00e7\u00e3o na formula\u00e7\u00e3o da Estrat\u00e9gia e Pol\u00edtica de Defesa, como assessor n\u00e3o remunerado do Minist\u00e9rio da Defesa. O submarino nuclear passou a ser oficialmente prioridade da Pol\u00edtica Nacional e a Marinha encarregada de coordenar as atividades de defesa na \u00e1rea estrat\u00e9gica nuclear. O Protocolo Adicional ao acordo com a AIEA, que estende os poderes de fiscaliza\u00e7\u00e3o daquela ag\u00eancia da ONU, ficou condicionado, no Brasil, a uma efetiva demonstra\u00e7\u00e3o, por parte das na\u00e7\u00f5es nuclearmente armadas, de cumprimento de sua parte no Tratado de N\u00e3o Prolifera\u00e7\u00e3o Nuclear \u2013 TNP. Este item, inclu\u00eddo na estrat\u00e9gia brasileira de Defesa, n\u00e3o agrada aos pa\u00edses nuclearmente armados e pode ser uma das iniciativas que podem haver levado a inclus\u00e3o do almirante Othon como alvo indicado \u00e0 Lava-Jato.<\/p><p>A implanta\u00e7\u00e3o de um programa nuclear independente no Pa\u00eds \u00e9 um feito t\u00e9cnico-cient\u00edfico heroico que encerra riscos pessoais consider\u00e1veis. Independentemente dos resultados das investiga\u00e7\u00f5es, o que o Almirante Othon j\u00e1 fez pelo Pa\u00eds merecia das autoridades judiciais e policiais um pouco mais de respeito e a preocupa\u00e7\u00e3o de que ele possa estar sendo v\u00edtima de nova manobra cujo alvo principal seja o programa nuclear brasileiro<\/p><p>Carlos Feu Alvim<\/p><p><a href=\"#_ftnref1\" name=\"_ftn1\">[1]<\/a> Vi recentemente o Ministro S\u00edlvio Almeida dizer sobre Pel\u00e9 o que tamb\u00e9m colocou no <em>Twiter<\/em>: \u201cPel\u00e9 foi a primeira coisa que me fez gostar do Brasil. Ver um homem negro e brasileiro, como eu, sendo indiscutivelmente o melhor no que fazia me fez acreditar que apesar de tudo, havia algo em que acreditar. Ele foi o sonho que se fez mat\u00e9ria. Obrigado, Pel\u00e9, obrigado Rei!\u201d. Certamente, Pel\u00e9 \u00e9 um de seus her\u00f3is como, em suas pr\u00f3prias palavras, tamb\u00e9m foi Didi. <a href=\"https:\/\/www.audacy.com\/podcast\/terceiro-tempo-by-milton-neves-a0eb3\/episodes\/silvio-almeida-filho-de-barbosinha-comenta-o-estigma-de-goleiros-negros-2-f8340\">https:\/\/www.audacy.com\/podcast\/terceiro-tempo-by-milton-neves-a0eb3\/episodes\/silvio-almeida-filho-de-barbosinha-comenta-o-estigma-de-goleiros-negros-2-f8340<\/a><\/p><p><a href=\"#_ftnref2\" name=\"_ftn2\">[2]<\/a> Ag\u00eancia Brasileiro-Argentina de Contabilidade e Controle de Materiais Nucleares, entidade binacional de aplica\u00e7\u00e3o de salvaguardas nucleares.<\/p><p><a href=\"#_ftnref3\" name=\"_ftn3\">[3]<\/a> Equipe E&amp;E Carlos Feu Alvim, Doutor em F\u00edsica pela Universidade de Grenoble, Fran\u00e7a especialista em Planejamento Energ\u00e9tico, Frida Eidelman, f\u00edsica com mestrado em Engenharia Nuclear pela UFRJ, Omar Campos Ferreira, Professo Adjunto da UFMG, ex-diretor do Centro de Desenvolvimento de Tecnologia Nuclear \u2013 CDTN e professor de p\u00f3s-gradua\u00e7\u00e3o na UFMG e PUC Minas.<\/p><p><a href=\"#_ftnref4\" name=\"_ftn4\">[4]<\/a> Ainda em rela\u00e7\u00e3o \u00e0 publica\u00e7\u00e3o, o Othon me havia dito, em 2004, quando come\u00e7amos o estudo, que ele fora encomendado por um grupo de empres\u00e1rios que tinham interesse na retomada da constru\u00e7\u00e3o de Angra 3. Eu perguntei a ele se n\u00e3o queria que registr\u00e1ssemos o patroc\u00ednio com o logo da(s) empresa(s) como era facultado pela Revista. Ele me disse que elas n\u00e3o tinham interesse em aparecer.<\/p><p><a href=\"#_ftnref5\" name=\"_ftn5\">[5]<\/a> Juiz Bretas na senten\u00e7a: \u201cConcordo totalmente com o \u00f3rg\u00e3o ministerial quando afirma que o suposto estudo, realizado por Othon Luiz em coautoria com Carlos Feu Alvim (coordenador), Jos\u00e9 Israel Vargas, Omar Campos Ferreira e Frida Eidelman, seria singelo demais para justificar o elevado valor pago pela empreiteira. Nem mesmo a testemunha arrolada por Othon Luiz, coautor do estudo, Carlos Augusto Feu Alvim da Silva, logrou precisar a import\u00e2ncia do cient\u00edfica do trabalho para o setor privado. Tudo indica, e assumo esta interpreta\u00e7\u00e3o, que o tal \u201cestudo\u201d contratado apenas oralmente, na verdade era apenas o meio aparentemente l\u00edcito de explicar o pagamento de mais de 3 milh\u00f5es de reais ao acusado Othon Luiz, ent\u00e3o Presidente da ELETRONUCLEAR, mas em verdade era, como afirmam todos os acusados ex-empregados da ANDRADE GUTIERREZ, propina paga a Othon Luiz para que \u201cn\u00e3o criasse problemas nos recebimentos dos servi\u00e7os contratados\u201d\u201d.<\/p><p><a href=\"#_ftnref6\" name=\"_ftn6\">[6]<\/a> O Minist\u00e9rio de Minas Energia \u2013 MME disp\u00f5e de \u00f3rg\u00e3os que administram os dados e o planejamento energ\u00e9tica e o da gera\u00e7\u00e3o el\u00e9trica. Atualmente essa tarefa \u00e9 fundamentalmente cumprida pela Empresa de Pesquisa Energ\u00e9tica \u2013 EPE. O planejamento de longo prazo \u00e9 consolidado em um Plano Nacional Energ\u00e9tico PNE. O Setor \u00e9 regulada pela Ag\u00eancia Nacional da Energia El\u00e9trica, ANEEL. O Sistema Integrado Nacional &#8211; SIN \u00e9 operado pelo Operador Nacional do Sistema El\u00e9trico. Todos esses \u00f3rg\u00e3os s\u00e3o bastante abertos em suas informa\u00e7\u00f5es. No caso da eletricidade, o Brasil disp\u00f5e de um Plano Decenal que \u00e9 anualmente revisto onde est\u00e3o indicados, inclusive, os grandes projetos existentes.<\/p><p><a href=\"#_ftnref7\" name=\"_ftn7\">[7]<\/a> Praticamente, a complementariedade s\u00f3 existe do ponto de vista plurianual, n\u00e3o do ponto de vista sazonal, ao longo de um ano t\u00edpico.<\/p><p><a href=\"#_ftnref8\" name=\"_ftn8\">[8]<\/a> Para o fim da tarde e in\u00edcio da noite, h\u00e1 um pico de demanda e uma r\u00e1pida queda na produ\u00e7\u00e3o que tem que ser compensada.<\/p><p><a href=\"#_ftnref9\" name=\"_ftn9\">[9]<\/a> Existe uma quest\u00e3o que ainda n\u00e3o foi abordado adequadamente e que a metodologia do trabalho adotado poderia ajudar a resolver. E a quest\u00e3o de como regular o Sistema com a introdu\u00e7\u00e3o das energias renov\u00e1veis solar e e\u00f3lica que s\u00e3o intermitentes. Como as distribuidoras t\u00eam o compromisso de absorver a energia gerada um excedente de energia na rede pode provocar apag\u00f5es como parece ter ocorrido no apag\u00e3o verificado em 2023 cujo gatilho teria sido um excedente de produ\u00e7\u00e3o na Regi\u00e3o Nordeste.<\/p><p><a href=\"#_ftnref10\" name=\"_ftn10\">[10]<\/a> Os colegas da n\u00e3o-prolifera\u00e7\u00e3o dos EUA, me manifestaram, como Secret\u00e1rio da ABACC, sua satisfa\u00e7\u00e3o pela contrata\u00e7\u00e3o do Alte. porque fazia parte da pol\u00edtica de n\u00e3o prolifera\u00e7\u00e3o dos segredos nucleares que o Alte. Othon. retivesse seus conhecimentos no Brasil.<\/p><p><a href=\"#_ftnref11\" name=\"_ftn11\">[11]<\/a> <a href=\"https:\/\/www.bbc.com\/news\/world-asia-58857827\">https:\/\/www.bbc.com\/news\/world-asia-58857827<\/a> AQ Khan: The most dangerous man in the world? 10 October 2021<\/p><p>By Gordon Corera; outras fontes falam em dezenas e at\u00e9 em centena de milh\u00f5es de d\u00f3lares os valores envolvidos na \u201ccoopera\u00e7\u00e3o\u201d de A. Q. Khan com L\u00edbia, Iran e Coreia do Norte.<\/p><p><a href=\"#_ftnref12\" name=\"_ftn12\">[12]<\/a> Esse controle \u00e9 feito por interm\u00e9dio do <em>Nuclear Suppliers Group<\/em> \u2013 NSG (Grupo de Fornecedores Nucleares) \u00e9 um grupo de pa\u00edses fornecedores nucleares que busca contribuir para a n\u00e3o prolifera\u00e7\u00e3o de armas nucleares atrav\u00e9s da implementa\u00e7\u00e3o de dois conjuntos de Diretrizes para exporta\u00e7\u00f5es nucleares e exporta\u00e7\u00f5es relacionadas \u00e0 energia nuclear. O NSG se reuniu pela primeira vez em novembro de 1975 em Londres, e \u00e9 popularmente referido como o &#8220;Clube de Londres&#8221;. Na Am\u00e9rica do Sul, Argentina e Brasil integram o Grupo. A referida lista \u00e9 publicada, periodicamente. pela AIEA como \u201cInforma\u00e7\u00e3o Circular\u201d.\u00a0 <a href=\"https:\/\/www.nti.org\/education-center\/treaties-and-regimes\/nuclear-suppliers-group-nsg\/#:~:text=The%20Nuclear%20Suppliers%20Group%20is,exports%20and%20nuclear%2Drelated%20exports\">https:\/\/www.nti.org\/education-center\/treaties-and-regimes\/nuclear-suppliers-group-nsg\/#:~:text=The%20Nuclear%20Suppliers%20Group%20is,exports%20and%20nuclear%2Drelated%20exports<\/a> .<\/p><p><a href=\"#_ftnref13\" name=\"_ftn13\">[13]<\/a> <a href=\"https:\/\/www.scielo.br\/j\/cint\/a\/DnWMLkPj5h9nC7QphZ8PzZH\/?format=pdf&amp;lang=pt\">https:\/\/www.scielo.br\/j\/cint\/a\/DnWMLkPj5h9nC7QphZ8PzZH\/?format=pdf&amp;lang=pt<\/a> (Filho, 2021)<\/p><p>Al\u00e9m da suspeita da fam\u00edlia de Amarante, h\u00e1 v\u00e1rias refer\u00eancias na Internet de que haveria participa\u00e7\u00e3o de Israel e EUA no que seria uma a\u00e7\u00e3o dirigida para eliminar o Coronel Amarante, Pioneiro na pesquisa nuclear no Brasil <a href=\"https:\/\/pt.wikipedia.org\/wiki\/Jos%C3%A9_Alberto_Albano_do_Amarante\">https:\/\/pt.wikipedia.org\/wiki\/Jos%C3%A9_Alberto_Albano_do_Amarante<\/a><\/p><p><a href=\"#_ftnref14\" name=\"_ftn14\">[14]<\/a> em \u201cO Cafezinho\u201d em 05\/08\/2015<\/p><p><a href=\"#_ftnref15\" name=\"_ftn15\">[15]<\/a> \u00a0Refer\u00eancia adicional introduzida nesta reedi\u00e7\u00e3o<br \/><a href=\"https:\/\/www.scielo.br\/j\/rbcsoc\/a\/VJRRGQRSfPb3XPks6XSY69g\/?format=pdf&amp;lang=pt\">https:\/\/www.scielo.br\/j\/rbcsoc\/a\/VJRRGQRSfPb3XPks6XSY69g\/?format=pdf&amp;lang=pt<\/a><\/p><p><a href=\"#sumario\">Voltar ao Sum\u00e1rio Completo<\/a><\/p>\t\t\t\t\t<\/div>\n\t\t\t\t\t\t<\/div>\n\t\t\t\t<\/div>\n\t\t\t\t<div class=\"elementor-element elementor-element-24052d8 elementor-widget elementor-widget-text-editor\" data-id=\"24052d8\" data-element_type=\"widget\" data-widget_type=\"text-editor.default\">\n\t\t\t\t<div class=\"elementor-widget-container\">\n\t\t\t\t\t\t\t\t<div class=\"elementor-text-editor elementor-clearfix\">\n\t\t\t\t<p><em>\u00a0<\/em><span style=\"color: #0000ff;\">Sum\u00e1rio<\/span><\/p><p><em>Editorial: <\/em><a href=\"#_Toc169124588\"><strong>Othon Pinheiro da Silva<\/strong>. <\/a><\/p><p><a href=\"#_Toc169124589\"><em>Introdu\u00e7\u00e3o a este n\u00famero:<\/em> \u00a0<\/a><a href=\"#_Toc169124590\"><strong>Her\u00f3is e Santos<\/strong><\/a><\/p><p>Artigo:\u00a0<a href=\"#_Toc169124591\"><strong>Estudo sobre a Matriz El\u00e9trica\u00a0 e a Retomada de Angra 3\u00a0<\/strong><\/a><\/p><p style=\"padding-left: 40px;\"><a href=\"#_Toc169124592\"><em>O Estudo Contestado<\/em>.\u00a0<\/a><\/p><p style=\"padding-left: 40px;\"><a href=\"#_Toc169124593\"><em>Conte\u00fado do Trabalho<\/em>.\u00a0<\/a><\/p><p style=\"padding-left: 40px;\"><a href=\"#_Toc169124594\"><em>O Porto de Destino do Setor El\u00e9trico.<\/em>\u00a0<\/a><\/p><p style=\"padding-left: 40px;\"><a href=\"#_Toc169124595\"><em>O Valor do Consultor<\/em> <\/a><\/p><p style=\"padding-left: 40px;\"><a href=\"#_Toc169124596\"><em>As Influ\u00eancias Externas que possivelmente atuaram na Den\u00fancia contra o Almirante Othon<\/em><\/a><\/p><p style=\"padding-left: 40px;\"><a href=\"#_Toc169124597\"><em>O Necess\u00e1rio Resgate do Almirante Othon<\/em><\/a><\/p><p>Depoimento \u00e0 Justi\u00e7a:\u00a0<a href=\"#_Toc169124599\"><strong>Depoimento de Jos\u00e9 Israel Vargas\u00a0 sobre Othon Pinheiro da Silva<\/strong> \u00a0<\/a><\/p><p>Relato de Othon \u00e0 E&amp;E em maio de 2014:\u00a0<a href=\"#_Toc169124601\"><strong>Os Caminhos para conseguir o A\u00e7o Maraging<\/strong>.<\/a><\/p><p>Artigo publicado por ocasi\u00e3o da <em>pris\u00e3o<\/em> do Almirante Othon: <a href=\"#_Toc169124603\"><strong>A Pris\u00e3o de um Her\u00f3i Nacional<\/strong>\u00a0<\/a><\/p><p><a href=\"#sumario\">volta<\/a><\/p><p>______________________________________<\/p>\t\t\t\t\t<\/div>\n\t\t\t\t\t\t<\/div>\n\t\t\t\t<\/div>\n\t\t\t\t\t\t<\/div>\n\t\t\t\t\t<\/div>\n\t\t<\/div>\n\t\t\t\t\t\t\t\t<\/div>\n\t\t\t\t\t<\/div>\n\t\t<\/section>\n\t\t\t\t\t\t\t\t\t<\/div>\n\t\t\t<\/div>\n\t\t\t\t\t<\/div>\n\t\t","protected":false},"excerpt":{"rendered":"<p>Ver ou baixar E&amp;E 112 em pdf \u00a0Sum\u00e1rio Editorial: Othon Pinheiro da Silva. Introdu\u00e7\u00e3o a este n\u00famero: \u00a0Her\u00f3is e Santos Artigo:\u00a0Estudo sobre a Matriz El\u00e9trica\u00a0 e a Retomada de Angra\u00a0 Depoimento \u00e0 Justi\u00e7a:\u00a0Depoimento de Jos\u00e9 Israel Vargas\u00a0 sobre Othon Pinheiro da Silva \u00a0 Relato de Othon \u00e0 E&amp;E em maio de 2014:\u00a0Os Caminhos para conseguir &hellip; <\/p>\n<p class=\"link-more\"><a href=\"https:\/\/ecen.com.br\/?page_id=5516\" class=\"more-link\">Continue lendo<span class=\"screen-reader-text\"> &#8220;E&#038;E 112&#8221;<\/span><\/a><\/p>\n","protected":false},"author":1,"featured_media":0,"parent":0,"menu_order":0,"comment_status":"closed","ping_status":"closed","template":"","meta":[],"_links":{"self":[{"href":"https:\/\/ecen.com.br\/index.php?rest_route=\/wp\/v2\/pages\/5516"}],"collection":[{"href":"https:\/\/ecen.com.br\/index.php?rest_route=\/wp\/v2\/pages"}],"about":[{"href":"https:\/\/ecen.com.br\/index.php?rest_route=\/wp\/v2\/types\/page"}],"author":[{"embeddable":true,"href":"https:\/\/ecen.com.br\/index.php?rest_route=\/wp\/v2\/users\/1"}],"replies":[{"embeddable":true,"href":"https:\/\/ecen.com.br\/index.php?rest_route=%2Fwp%2Fv2%2Fcomments&post=5516"}],"version-history":[{"count":102,"href":"https:\/\/ecen.com.br\/index.php?rest_route=\/wp\/v2\/pages\/5516\/revisions"}],"predecessor-version":[{"id":5742,"href":"https:\/\/ecen.com.br\/index.php?rest_route=\/wp\/v2\/pages\/5516\/revisions\/5742"}],"wp:attachment":[{"href":"https:\/\/ecen.com.br\/index.php?rest_route=%2Fwp%2Fv2%2Fmedia&parent=5516"}],"curies":[{"name":"wp","href":"https:\/\/api.w.org\/{rel}","templated":true}]}}