{"id":16,"date":"2017-02-09T16:42:50","date_gmt":"2017-02-09T18:42:50","guid":{"rendered":"http:\/\/ecen.com.br\/?page_id=16"},"modified":"2019-09-04T13:16:42","modified_gmt":"2019-09-04T16:16:42","slug":"ee-93-outubro-dezembro-2016","status":"publish","type":"page","link":"https:\/\/ecen.com.br\/?page_id=16","title":{"rendered":"E&#038;E 93"},"content":{"rendered":"\t\t<div data-elementor-type=\"wp-post\" data-elementor-id=\"16\" class=\"elementor elementor-16\">\n\t\t\t\t\t\t<div class=\"elementor-inner\">\n\t\t\t\t<div class=\"elementor-section-wrap\">\n\t\t\t\t\t\t\t\t\t<section class=\"elementor-section elementor-top-section elementor-element elementor-element-27315d00 elementor-section-boxed elementor-section-height-default elementor-section-height-default\" data-id=\"27315d00\" data-element_type=\"section\">\n\t\t\t\t\t\t<div class=\"elementor-container elementor-column-gap-default\">\n\t\t\t\t\t\t\t<div class=\"elementor-row\">\n\t\t\t\t\t<div class=\"elementor-column elementor-col-100 elementor-top-column elementor-element elementor-element-6e65ad72\" data-id=\"6e65ad72\" data-element_type=\"column\">\n\t\t\t<div class=\"elementor-column-wrap elementor-element-populated\">\n\t\t\t\t\t\t\t<div class=\"elementor-widget-wrap\">\n\t\t\t\t\t\t<div class=\"elementor-element elementor-element-1051d615 elementor-widget elementor-widget-text-editor\" data-id=\"1051d615\" data-element_type=\"widget\" data-widget_type=\"text-editor.default\">\n\t\t\t\t<div class=\"elementor-widget-container\">\n\t\t\t\t\t\t\t\t<div class=\"elementor-text-editor elementor-clearfix\">\n\t\t\t\t<p>[wpanchor id=&#8221;inicio93&#8243;]<\/p><p><span style=\"color: #000000;\"><img loading=\"lazy\" class=\"size-full wp-image-4 alignnone\" src=\"http:\/\/eee.org.br\/wp-content\/uploads\/2017\/02\/eee.jpg\" alt=\"\" width=\"116\" height=\"27\" data-wp-pid=\"4\" \/><br \/><\/span><span style=\"color: #000000;\"><strong>Economia e Energia &#8211; E&amp;E <\/strong><strong>N\u00ba 93<br \/><\/strong><\/span><span style=\"color: #000000;\"><strong>Outubro a Dezembro de 2016\u00a0<\/strong> <strong>&#8211; Ano XX<\/strong><br \/><\/span>ISSN 1518-2932<\/p><p><span style=\"color: #0000ff;\"><strong>Palavra do Editor:<\/strong><\/span><\/p><p>H\u00e1 vinte anos, era lan\u00e7ada na Internet a Revista Economia e Energia \u2013 E&amp;E. Ela pretendia contribuir para manter ativa, na \u00e1rea energ\u00e9tica, a vis\u00e3o de longo prazo que havia perdido terreno em uma \u00e9poca onde predominava a ilus\u00e3o de que as for\u00e7as de mercado podiam suprir o planejamento. Na Internet, rec\u00e9m-inaugurada no Brasil, a Revista deu sequ\u00eancia ao esfor\u00e7o individual do colega Genserico Encarna\u00e7\u00e3o que editava, com o mesmo nome, um boletim com objetivos semelhantes.<\/p><p>A \u00e1rea energ\u00e9tica continua sendo um ref\u00fagio para os que buscam horizontes de tempo mais amplos. A dura\u00e7\u00e3o dos projetos exige essa vis\u00e3o e quem n\u00e3o planeja o longo prazo est\u00e1 se condenando, ou mais frequentemente seus sucessores, a crises de abastecimento como a ocorrida em 2001 com a eletricidade no Pa\u00eds.<\/p><p>Em 17 anos, foram editados 91 exemplares da E&amp;E na Internet sendo que 52 n\u00fameros tiveram tamb\u00e9m sua vers\u00e3o impressa. Ainda sob a prote\u00e7\u00e3o desse \u201cref\u00fagio\u201d a equipe da Revista p\u00f4de presenciar o resgate do planejamento de longo prazo no Brasil. J\u00e1 no \u00e2mbito mundial, foi a amea\u00e7a do aquecimento global que ampliou os horizontes de an\u00e1lise. Este interesse estimulou a cria\u00e7\u00e3o da Organiza\u00e7\u00e3o Economia e Energia que, paralelamente aos trabalhos nos temas que lhe deram o nome, desenvolveu estudos relevantes na quantifica\u00e7\u00e3o das emiss\u00f5es de gases do efeito estufa na \u00e1rea energ\u00e9tica, sempre tentando chamar a aten\u00e7\u00e3o sobre os custos de mitiga\u00e7\u00e3o e suas consequ\u00eancias econ\u00f4micas.<\/p><p>Em 2013, foi lan\u00e7ado o \u00faltimo exemplar do que constituiu a segunda fase da Revista Economia e Energia. Em 2016, as atividades da Organiza\u00e7\u00e3o Economia e Energia foram paralisadas e a edi\u00e7\u00e3o da Revista foi absorvida pela Empresa ECEN Consultoria.<\/p><p>A \u00e9poca atual parece reproduzir um novo ciclo em que um ref\u00fagio para pensar o futuro \u00e9 necess\u00e1rio. Come\u00e7a uma nova fase da E&amp;E.<\/p><p>Este n\u00famero aborda o car\u00e1ter estrat\u00e9gico da energia nuclear.<\/p><p><em>Carlos Feu Alvim<\/em><\/p><hr \/><p><span style=\"color: #0000ff;\"><strong>Conte\u00fado:<\/strong><\/span><\/p><p><strong><a href=\"#inicio93\">Palavras do Editor (ler abaixo)<\/a><\/strong><\/p><p><strong><a href=\"http:\/\/eee.org.br\/?page_id=2041\">Porque \u00e9 Necess\u00e1ria uma Pol\u00edtica Nuclear<\/a><\/strong><\/p><p><strong><a href=\"http:\/\/eee.org.br\/?page_id=82\">O que \u00e9 Estrat\u00e9gico na Energia Nuclear<\/a><\/strong><\/p><p><strong><a href=\"http:\/\/eee.org.br\/?page_id=151\">Tango X Samba<\/a><\/strong><\/p><p><a href=\"http:\/\/eee.org.br\/wp-content\/uploads\/2016\/05\/eee93.pdf\">Ver ou Baixar E&amp;E 93p<\/a><\/p><hr \/><p>[wpanchor id=&#8221;editor_93&#8243;]<strong><em>\u00a0<\/em><\/strong><em>Exemplares anteriores dispon\u00edveis em\u00a0<\/em><em>Economia e Energia<\/em><strong><em><br \/><\/em><\/strong><strong><em>\u00a0 \u00a0 \u00a0 \u00a0 \u00a0 \u00a0 <\/em><\/strong><em>\u00a0<\/em><a href=\"http:\/\/ecen.com\"><em>http:\/\/ecen.com\u00a0<\/em><\/a>ou em<br \/><em>\u00a0 \u00a0 \u00a0 \u00a0 \u00a0 \u00a0 \u00a0<a href=\"http:\/\/eee.org.br\/?page_id=35\">N\u00fameros Anteriores<\/a><\/em><\/p><hr \/><p>Economia e Energia N\u00b0 93<br \/>Outubro &#8211; Dezembro 2017 &#8211; Ano XX<\/p><figure id=\"attachment_237\" aria-describedby=\"caption-attachment-237\" style=\"width: 425px\" class=\"wp-caption aligncenter\"><a href=\"http:\/\/eee.org.br\/wp-content\/uploads\/2016\/05\/eee93.pdf\"><img loading=\"lazy\" class=\"wp-image-237 size-full\" src=\"http:\/\/eee.org.br\/wp-content\/uploads\/2017\/02\/93capa1_001.jpg\" alt=\"\" width=\"425\" height=\"595\" srcset=\"https:\/\/ecen.com.br\/wp-content\/uploads\/2017\/02\/93capa1_001.jpg 425w, https:\/\/ecen.com.br\/wp-content\/uploads\/2017\/02\/93capa1_001-214x300.jpg 214w\" sizes=\"(max-width: 425px) 100vw, 425px\" \/><\/a><figcaption id=\"caption-attachment-237\" class=\"wp-caption-text\"><a href=\"http:\/\/eee.org.br\/wp-content\/uploads\/2016\/05\/eee93.pdf\">Revista E&amp;E 93 em Portugu\u00eas<\/a><\/figcaption><\/figure><p><a href=\"http:\/\/eee.org.br\/wp-content\/uploads\/2016\/05\/eee93.pdf\">Ver e Baixar E&amp;E 93<\/a><\/p><p><a href=\"http:\/\/eee.org.br\/?page_id=2041\">Porque \u00e9 Necess\u00e1ria uma Pol\u00edtica Nuclear<\/a>\u00a0|<br \/><strong>|\u00a0<\/strong><a href=\"http:\/\/eee.org.br\/?page_id=82\">O que \u00e9 Estrat\u00e9gico na Energia Nuclear<\/a><strong>\u00a0|\u00a0<\/strong><a href=\"http:\/\/eee.org.br\/?page_id=151\">Tango X Samba<\/a><strong>|<\/strong><\/p><p><a href=\"https:\/\/www.facebook.com\/ecenconsultoria\/\"><img loading=\"lazy\" class=\"size-full wp-image-658 alignleft\" src=\"http:\/\/eee.org.br\/wp-content\/uploads\/2017\/02\/imagesface-e1508270443566.jpg\" alt=\"\" width=\"30\" height=\"30\" \/><\/a><\/p>\t\t\t\t\t<\/div>\n\t\t\t\t\t\t<\/div>\n\t\t\t\t<\/div>\n\t\t\t\t\t\t<\/div>\n\t\t\t\t\t<\/div>\n\t\t<\/div>\n\t\t\t\t\t\t\t\t<\/div>\n\t\t\t\t\t<\/div>\n\t\t<\/section>\n\t\t\t\t\t\t\t\t\t<\/div>\n\t\t\t<\/div>\n\t\t\t\t\t<\/div>\n\t\t","protected":false},"excerpt":{"rendered":"<p>[wpanchor id=&#8221;inicio93&#8243;] Economia e Energia &#8211; E&amp;E N\u00ba 93 Outubro a Dezembro de 2016&nbsp; &#8211; Ano XX ISSN 1518-2932 Palavra do Editor: H\u00e1 vinte anos, era lan\u00e7ada na Internet a Revista Economia e Energia \u2013 E&amp;E. Ela pretendia contribuir para manter ativa, na \u00e1rea energ\u00e9tica, a vis\u00e3o de longo prazo que havia perdido terreno em &hellip; <\/p>\n<p class=\"link-more\"><a href=\"https:\/\/ecen.com.br\/?page_id=16\" class=\"more-link\">Continue lendo<span class=\"screen-reader-text\"> &#8220;E&#038;E 93&#8221;<\/span><\/a><\/p>\n","protected":false},"author":1,"featured_media":0,"parent":0,"menu_order":0,"comment_status":"open","ping_status":"closed","template":"","meta":[],"_links":{"self":[{"href":"https:\/\/ecen.com.br\/index.php?rest_route=\/wp\/v2\/pages\/16"}],"collection":[{"href":"https:\/\/ecen.com.br\/index.php?rest_route=\/wp\/v2\/pages"}],"about":[{"href":"https:\/\/ecen.com.br\/index.php?rest_route=\/wp\/v2\/types\/page"}],"author":[{"embeddable":true,"href":"https:\/\/ecen.com.br\/index.php?rest_route=\/wp\/v2\/users\/1"}],"replies":[{"embeddable":true,"href":"https:\/\/ecen.com.br\/index.php?rest_route=%2Fwp%2Fv2%2Fcomments&post=16"}],"version-history":[{"count":63,"href":"https:\/\/ecen.com.br\/index.php?rest_route=\/wp\/v2\/pages\/16\/revisions"}],"predecessor-version":[{"id":3937,"href":"https:\/\/ecen.com.br\/index.php?rest_route=\/wp\/v2\/pages\/16\/revisions\/3937"}],"wp:attachment":[{"href":"https:\/\/ecen.com.br\/index.php?rest_route=%2Fwp%2Fv2%2Fmedia&parent=16"}],"curies":[{"name":"wp","href":"https:\/\/api.w.org\/{rel}","templated":true}]}}